{"id":1786,"date":"2024-04-13T13:48:32","date_gmt":"2024-04-13T13:48:32","guid":{"rendered":"https:\/\/in-memoriam.si\/20240408-2\/"},"modified":"2024-05-11T21:24:54","modified_gmt":"2024-05-11T21:24:54","slug":"20240408-2","status":"publish","type":"page","link":"https:\/\/in-memoriam.si\/hr\/20240408-2\/","title":{"rendered":"20240408"},"content":{"rendered":"<div class=\"wpb-content-wrapper\"><p>[vc_row woodmart_css_id=&#8221;663a5efaddeb8&#8243; responsive_spacing=&#8221;eyJwYXJhbV90eXBlIjoid29vZG1hcnRfcmVzcG9uc2l2ZV9zcGFjaW5nIiwic2VsZWN0b3JfaWQiOiI2NjNhNWVmYWRkZWI4Iiwic2hvcnRjb2RlIjoidmNfcm93IiwiZGF0YSI6eyJ0YWJsZXQiOnt9LCJtb2JpbGUiOnt9fX0=&#8221; mobile_bg_img_hidden=&#8221;no&#8221; tablet_bg_img_hidden=&#8221;no&#8221; woodmart_parallax=&#8221;0&#8243; woodmart_gradient_switch=&#8221;no&#8221; woodmart_box_shadow=&#8221;no&#8221; wd_z_index=&#8221;no&#8221; woodmart_disable_overflow=&#8221;0&#8243; row_reverse_mobile=&#8221;0&#8243; row_reverse_tablet=&#8221;0&#8243;][vc_column woodmart_css_id=&#8221;663a750b17e1a&#8221; parallax_scroll=&#8221;no&#8221; woodmart_sticky_column=&#8221;false&#8221; wd_collapsible_content_switcher=&#8221;no&#8221; wd_column_role_offcanvas_desktop=&#8221;no&#8221; wd_column_role_offcanvas_tablet=&#8221;no&#8221; wd_column_role_offcanvas_mobile=&#8221;no&#8221; wd_column_role_content_desktop=&#8221;no&#8221; wd_column_role_content_tablet=&#8221;no&#8221; wd_column_role_content_mobile=&#8221;no&#8221; mobile_bg_img_hidden=&#8221;no&#8221; tablet_bg_img_hidden=&#8221;no&#8221; woodmart_parallax=&#8221;0&#8243; woodmart_box_shadow=&#8221;no&#8221; responsive_spacing=&#8221;eyJwYXJhbV90eXBlIjoid29vZG1hcnRfcmVzcG9uc2l2ZV9zcGFjaW5nIiwic2VsZWN0b3JfaWQiOiI2NjNhNzUwYjE3ZTFhIiwic2hvcnRjb2RlIjoidmNfY29sdW1uIiwiZGF0YSI6eyJ0YWJsZXQiOnt9LCJtb2JpbGUiOnt9fX0=&#8221; mobile_reset_margin=&#8221;no&#8221; tablet_reset_margin=&#8221;no&#8221; wd_z_index=&#8221;no&#8221;][vc_custom_heading text=&#8221;in memoriam&#8221; font_container=&#8221;tag:h2|font_size:48|text_align:center&#8221; google_fonts=&#8221;font_family:Aguafina%20Script%3Aregular|font_style:400%20regular%3A400%3Anormal&#8221; css=&#8221;&#8221;][\/vc_column][\/vc_row][vc_row woodmart_css_id=&#8221;663a5efaddeb8&#8243; responsive_spacing=&#8221;eyJwYXJhbV90eXBlIjoid29vZG1hcnRfcmVzcG9uc2l2ZV9zcGFjaW5nIiwic2VsZWN0b3JfaWQiOiI2NjNhNWVmYWRkZWI4Iiwic2hvcnRjb2RlIjoidmNfcm93IiwiZGF0YSI6eyJ0YWJsZXQiOnt9LCJtb2JpbGUiOnt9fX0=&#8221; mobile_bg_img_hidden=&#8221;no&#8221; tablet_bg_img_hidden=&#8221;no&#8221; woodmart_parallax=&#8221;0&#8243; woodmart_gradient_switch=&#8221;no&#8221; woodmart_box_shadow=&#8221;no&#8221; wd_z_index=&#8221;no&#8221; woodmart_disable_overflow=&#8221;0&#8243; row_reverse_mobile=&#8221;0&#8243; row_reverse_tablet=&#8221;0&#8243;][vc_column woodmart_css_id=&#8221;663a74e0d96fe&#8221; parallax_scroll=&#8221;no&#8221; woodmart_sticky_column=&#8221;false&#8221; wd_collapsible_content_switcher=&#8221;no&#8221; wd_column_role_offcanvas_desktop=&#8221;no&#8221; wd_column_role_offcanvas_tablet=&#8221;no&#8221; wd_column_role_offcanvas_mobile=&#8221;no&#8221; wd_column_role_content_desktop=&#8221;no&#8221; wd_column_role_content_tablet=&#8221;no&#8221; wd_column_role_content_mobile=&#8221;no&#8221; mobile_bg_img_hidden=&#8221;no&#8221; tablet_bg_img_hidden=&#8221;no&#8221; woodmart_parallax=&#8221;0&#8243; woodmart_box_shadow=&#8221;no&#8221; responsive_spacing=&#8221;eyJwYXJhbV90eXBlIjoid29vZG1hcnRfcmVzcG9uc2l2ZV9zcGFjaW5nIiwic2VsZWN0b3JfaWQiOiI2NjNhNzRlMGQ5NmZlIiwic2hvcnRjb2RlIjoidmNfY29sdW1uIiwiZGF0YSI6eyJ0YWJsZXQiOnt9LCJtb2JpbGUiOnt9fX0=&#8221; mobile_reset_margin=&#8221;no&#8221; tablet_reset_margin=&#8221;no&#8221; wd_z_index=&#8221;no&#8221;]\t\t<div id=\"wd-663a73f3e0dfb\" class=\"wd-image wd-wpb wd-rs-663a73f3e0dfb text-center \">\n\t\t\t\n\t\t\t<img decoding=\"async\" width=\"300\" height=\"300\" src=\"https:\/\/in-memoriam.si\/wp-content\/uploads\/2024\/04\/gospod-x-300x300.webp\" class=\"attachment-300x300 size-300x300\" alt=\"\" srcset=\"https:\/\/in-memoriam.si\/wp-content\/uploads\/2024\/04\/gospod-x-300x300.webp 300w, https:\/\/in-memoriam.si\/wp-content\/uploads\/2024\/04\/gospod-x-600x600.webp 600w, https:\/\/in-memoriam.si\/wp-content\/uploads\/2024\/04\/gospod-x-150x150.webp 150w, https:\/\/in-memoriam.si\/wp-content\/uploads\/2024\/04\/gospod-x-800x800.webp 800w, https:\/\/in-memoriam.si\/wp-content\/uploads\/2024\/04\/gospod-x-768x768.webp 768w, https:\/\/in-memoriam.si\/wp-content\/uploads\/2024\/04\/gospod-x.webp 1000w\" sizes=\"(max-width: 300px) 100vw, 300px\" \/>\n\t\t\t\t\t<\/div>\n\t\t[\/vc_column][\/vc_row][vc_row][vc_column][vc_custom_heading text=&#8221;Marko Pustotnik&#8221; font_container=&#8221;tag:h2|font_size:48|text_align:center&#8221; google_fonts=&#8221;font_family:Aguafina%20Script%3Aregular|font_style:400%20regular%3A400%3Anormal&#8221; css=&#8221;&#8221;][vc_custom_heading text=&#8221;Postojna &#8211; 25. 02. 1936<br \/>\nLjubljana -16 04. 2012&#8243; font_container=&#8221;tag:p|font_size:18|text_align:center&#8221; use_theme_fonts=&#8221;yes&#8221; css=&#8221;&#8221;][vc_empty_space woodmart_hide_large=&#8221;0&#8243; woodmart_hide_medium=&#8221;0&#8243; woodmart_hide_small=&#8221;0&#8243;][\/vc_column][\/vc_row][vc_row woodmart_css_id=&#8221;663a6c7488cdc&#8221; responsive_spacing=&#8221;eyJwYXJhbV90eXBlIjoid29vZG1hcnRfcmVzcG9uc2l2ZV9zcGFjaW5nIiwic2VsZWN0b3JfaWQiOiI2NjNhNmM3NDg4Y2RjIiwic2hvcnRjb2RlIjoidmNfcm93IiwiZGF0YSI6eyJ0YWJsZXQiOnt9LCJtb2JpbGUiOnt9fX0=&#8221; mobile_bg_img_hidden=&#8221;no&#8221; tablet_bg_img_hidden=&#8221;no&#8221; woodmart_parallax=&#8221;0&#8243; woodmart_gradient_switch=&#8221;no&#8221; woodmart_box_shadow=&#8221;no&#8221; wd_z_index=&#8221;no&#8221; woodmart_disable_overflow=&#8221;0&#8243; row_reverse_mobile=&#8221;0&#8243; row_reverse_tablet=&#8221;0&#8243;][vc_column][vc_raw_html css=&#8221;&#8221;]CltzY19lbWJlZF9wbGF5ZXJfdGVtcGxhdGUxIGZpbGV1cmw9Imh0dHBzOi8vaW4tbWVtb3JpYW0uc2kvd3AtY29udGVudC91cGxvYWRzLzIwMjQvMDUvUm9rLm1wMyJd[\/vc_raw_html][\/vc_column][\/vc_row][vc_row][vc_column]\t\t<div id=\"wd-66392fe217333\" class=\"wd-text-block wd-wpb reset-last-child wd-rs-66392fe217333 text-left wd-fontsize-m \">\n\t\t\t<div class=\"flex flex-grow flex-col max-w-full\">\n<div class=\"min-h-[20px] text-message flex flex-col items-start gap-3 whitespace-pre-wrap break-words [.text-message+&amp;]:mt-5 overflow-x-auto\" dir=\"auto\" data-message-author-role=\"assistant\" data-message-id=\"d3981326-f5a5-495e-b7a6-3b3cc64d051c\">\n<div class=\"markdown prose w-full break-words dark:prose-invert light\">\n<p>S dubokim po\u0161tovanjem i tugom opra\u0161tamo se od gospodina Marka Pustotnika koji je preminuo 2012. godine. Svojom smr\u0107u ostavio nam je dio svoje ba\u0161tine i vje\u010dnog sje\u0107anja.<\/p>\n<p>Marko je ro\u0111en 1936. godine u selja\u010dkoj obitelji u Staroj vasi kod Postojne, kao tre\u0107e dijete. Sa skromnim po\u010decima, zapo\u010deo je svoj put obilje\u017een predano\u0161\u0107u i napornim radom. U Postojni je uspje\u0161no zavr\u0161io osnovnu \u0161kolu, a potom se odlu\u010dio posvetiti svojoj strasti i \u0161kolovao se za frizera. \u0160kolovanje je nastavio u strukovnoj \u0161koli za frizere u Ljubljani, gdje je i ostao, te izgradio \u017eivot za sebe.<\/p>\n<p>Nakon zavr\u0161ene \u0161kole svoje znanje i vje\u0161tine usavr\u0161avao je kao pripravnik u frizerskom salonu \u0160midt u Ljubljani. Godine 1970. s velikom hrabro\u0161\u0107u i vizijom otvara vlastiti samostalni frizerski salon za mu\u0161karce, koji postaje mjesto njegovanja ljepote i uspostavljanja trajnih veza s mu\u0161terijama. Svojim talentom i dobrotom stekao je povjerenje i po\u0161tovanje mnogih.<\/p>\n<p>Okru\u017een obitelji punom ljubavi, bio je u sretnom braku sa suprugom Marinom s kojom su zajedno podigli dvoje djece, k\u0107er Vesnu i sina Marka. Obitelj mu je bila podr\u0161ka i radost, zajedno su pro\u017eivjeli puno lijepih trenutaka koji \u0107e im zauvijek ostati urezani u srcima.<\/p>\n<p>Marko Pustotnik nije bio samo vje\u0161t frizer, ve\u0107 i pun ljubavi, suprug, otac, djed i prijatelj. Dirnuo je srca mnogih svojom iskrenom dobrotom i njegova \u0107e nam prisutnost jako nedostajati. Na svom \u017eivotnom putu ostavio je neizbrisiv trag koji \u0107e zauvijek ostati dio na\u0161ih sje\u0107anja.<\/p>\n<p>Po\u010divaj u miru dragi Marko. Uspomena na tebe \u017eivjet \u0107e u nama koji smo te voljeli.<\/p>\n<\/div>\n<\/div>\n<\/div>\n\t\t<\/div>\n\t\t[\/vc_column][\/vc_row][vc_row][vc_column]\t\t<div id=\"gallery_353\" class=\"wd-images-gallery wd-wpb wd-rs-663a5bc40ef2b photoswipe-images\" style=\"--wd-justify-content:center;--wd-align-items:center;\">\n\t\t\t\n\t\t\t<div class=\" wd-grid-g\" style=\"--wd-col-lg:3;--wd-col-md:3;--wd-col-sm:1;--wd-gap-lg:6px;\">\n\t\t\t\t\n\t\t\t\t\t\t\t\t\t\t\t\t\t\t\t<div class=\"wd-gallery-item wd-col\">\n\t\t\t\t\t\t\t\t\t\t\t\t\t\t<a href=\"https:\/\/in-memoriam.si\/wp-content\/uploads\/2024\/05\/007.webp\" data-elementor-open-lightbox=\"no\" data-index=\"1\" data-width=\"1000\" data-height=\"1000\" \n\t\t\t\t\t\t\t\t\t\t\t\t\t\t\t\t\t\t\t\t>\n\t\t\t\t\t\t\t\t\n\t\t\t\t\t\t\t\t<img decoding=\"async\" width=\"1000\" height=\"1000\" src=\"https:\/\/in-memoriam.si\/wp-content\/uploads\/2024\/05\/007.webp\" class=\"wd-gallery-image image-1\" alt=\"\" srcset=\"https:\/\/in-memoriam.si\/wp-content\/uploads\/2024\/05\/007.webp 1000w, https:\/\/in-memoriam.si\/wp-content\/uploads\/2024\/05\/007-300x300.webp 300w, https:\/\/in-memoriam.si\/wp-content\/uploads\/2024\/05\/007-150x150.webp 150w, https:\/\/in-memoriam.si\/wp-content\/uploads\/2024\/05\/007-768x768.webp 768w, https:\/\/in-memoriam.si\/wp-content\/uploads\/2024\/05\/007-600x600.webp 600w, https:\/\/in-memoriam.si\/wp-content\/uploads\/2024\/05\/007-800x800.webp 800w\" sizes=\"(max-width: 1000px) 100vw, 1000px\" \/>\n\t\t\t\t\t\t\t\t\t\t\t\t\t\t\t<\/a>\n\t\t\t\t\t\t\t\t\t\t\t\t<\/div>\n\t\t\t\t\t\t\t\t\t\t\t<div class=\"wd-gallery-item wd-col\">\n\t\t\t\t\t\t\t\t\t\t\t\t\t\t<a href=\"https:\/\/in-memoriam.si\/wp-content\/uploads\/2024\/05\/009.webp\" data-elementor-open-lightbox=\"no\" data-index=\"2\" data-width=\"1000\" data-height=\"1000\" \n\t\t\t\t\t\t\t\t\t\t\t\t\t\t\t\t\t\t\t\t>\n\t\t\t\t\t\t\t\t\n\t\t\t\t\t\t\t\t<img decoding=\"async\" width=\"1000\" height=\"1000\" src=\"https:\/\/in-memoriam.si\/wp-content\/uploads\/2024\/05\/009.webp\" class=\"wd-gallery-image image-2\" alt=\"\" srcset=\"https:\/\/in-memoriam.si\/wp-content\/uploads\/2024\/05\/009.webp 1000w, https:\/\/in-memoriam.si\/wp-content\/uploads\/2024\/05\/009-300x300.webp 300w, https:\/\/in-memoriam.si\/wp-content\/uploads\/2024\/05\/009-150x150.webp 150w, https:\/\/in-memoriam.si\/wp-content\/uploads\/2024\/05\/009-768x768.webp 768w, https:\/\/in-memoriam.si\/wp-content\/uploads\/2024\/05\/009-600x600.webp 600w, https:\/\/in-memoriam.si\/wp-content\/uploads\/2024\/05\/009-800x800.webp 800w\" sizes=\"(max-width: 1000px) 100vw, 1000px\" \/>\n\t\t\t\t\t\t\t\t\t\t\t\t\t\t\t<\/a>\n\t\t\t\t\t\t\t\t\t\t\t\t<\/div>\n\t\t\t\t\t\t\t\t\t\t\t<div class=\"wd-gallery-item wd-col\">\n\t\t\t\t\t\t\t\t\t\t\t\t\t\t<a href=\"https:\/\/in-memoriam.si\/wp-content\/uploads\/2024\/05\/001.webp\" data-elementor-open-lightbox=\"no\" data-index=\"3\" data-width=\"1000\" data-height=\"1000\" \n\t\t\t\t\t\t\t\t\t\t\t\t\t\t\t\t\t\t\t\t>\n\t\t\t\t\t\t\t\t\n\t\t\t\t\t\t\t\t<img decoding=\"async\" width=\"1000\" height=\"1000\" src=\"https:\/\/in-memoriam.si\/wp-content\/uploads\/2024\/05\/001.webp\" class=\"wd-gallery-image image-3\" alt=\"\" srcset=\"https:\/\/in-memoriam.si\/wp-content\/uploads\/2024\/05\/001.webp 1000w, https:\/\/in-memoriam.si\/wp-content\/uploads\/2024\/05\/001-300x300.webp 300w, https:\/\/in-memoriam.si\/wp-content\/uploads\/2024\/05\/001-150x150.webp 150w, https:\/\/in-memoriam.si\/wp-content\/uploads\/2024\/05\/001-768x768.webp 768w, https:\/\/in-memoriam.si\/wp-content\/uploads\/2024\/05\/001-600x600.webp 600w, https:\/\/in-memoriam.si\/wp-content\/uploads\/2024\/05\/001-800x800.webp 800w\" sizes=\"(max-width: 1000px) 100vw, 1000px\" \/>\n\t\t\t\t\t\t\t\t\t\t\t\t\t\t\t<\/a>\n\t\t\t\t\t\t\t\t\t\t\t\t<\/div>\n\t\t\t\t\t\t\t\t\t\t\t<div class=\"wd-gallery-item wd-col\">\n\t\t\t\t\t\t\t\t\t\t\t\t\t\t<a href=\"https:\/\/in-memoriam.si\/wp-content\/uploads\/2024\/05\/002.webp\" data-elementor-open-lightbox=\"no\" data-index=\"4\" data-width=\"1000\" data-height=\"1000\" \n\t\t\t\t\t\t\t\t\t\t\t\t\t\t\t\t\t\t\t\t>\n\t\t\t\t\t\t\t\t\n\t\t\t\t\t\t\t\t<img decoding=\"async\" width=\"1000\" height=\"1000\" src=\"https:\/\/in-memoriam.si\/wp-content\/uploads\/2024\/05\/002.webp\" class=\"wd-gallery-image image-4\" alt=\"\" srcset=\"https:\/\/in-memoriam.si\/wp-content\/uploads\/2024\/05\/002.webp 1000w, https:\/\/in-memoriam.si\/wp-content\/uploads\/2024\/05\/002-300x300.webp 300w, https:\/\/in-memoriam.si\/wp-content\/uploads\/2024\/05\/002-150x150.webp 150w, https:\/\/in-memoriam.si\/wp-content\/uploads\/2024\/05\/002-768x768.webp 768w, https:\/\/in-memoriam.si\/wp-content\/uploads\/2024\/05\/002-600x600.webp 600w, https:\/\/in-memoriam.si\/wp-content\/uploads\/2024\/05\/002-800x800.webp 800w\" sizes=\"(max-width: 1000px) 100vw, 1000px\" \/>\n\t\t\t\t\t\t\t\t\t\t\t\t\t\t\t<\/a>\n\t\t\t\t\t\t\t\t\t\t\t\t<\/div>\n\t\t\t\t\t\t\t\t\t\t\t<div class=\"wd-gallery-item wd-col\">\n\t\t\t\t\t\t\t\t\t\t\t\t\t\t<a href=\"https:\/\/in-memoriam.si\/wp-content\/uploads\/2024\/05\/003.webp\" data-elementor-open-lightbox=\"no\" data-index=\"5\" data-width=\"1000\" data-height=\"1000\" \n\t\t\t\t\t\t\t\t\t\t\t\t\t\t\t\t\t\t\t\t>\n\t\t\t\t\t\t\t\t\n\t\t\t\t\t\t\t\t<img decoding=\"async\" width=\"1000\" height=\"1000\" src=\"https:\/\/in-memoriam.si\/wp-content\/uploads\/2024\/05\/003.webp\" class=\"wd-gallery-image image-5\" alt=\"\" srcset=\"https:\/\/in-memoriam.si\/wp-content\/uploads\/2024\/05\/003.webp 1000w, https:\/\/in-memoriam.si\/wp-content\/uploads\/2024\/05\/003-300x300.webp 300w, https:\/\/in-memoriam.si\/wp-content\/uploads\/2024\/05\/003-150x150.webp 150w, https:\/\/in-memoriam.si\/wp-content\/uploads\/2024\/05\/003-768x768.webp 768w, https:\/\/in-memoriam.si\/wp-content\/uploads\/2024\/05\/003-600x600.webp 600w, https:\/\/in-memoriam.si\/wp-content\/uploads\/2024\/05\/003-800x800.webp 800w\" sizes=\"(max-width: 1000px) 100vw, 1000px\" \/>\n\t\t\t\t\t\t\t\t\t\t\t\t\t\t\t<\/a>\n\t\t\t\t\t\t\t\t\t\t\t\t<\/div>\n\t\t\t\t\t\t\t\t\t\t\t<div class=\"wd-gallery-item wd-col\">\n\t\t\t\t\t\t\t\t\t\t\t\t\t\t<a href=\"https:\/\/in-memoriam.si\/wp-content\/uploads\/2024\/05\/004.webp\" data-elementor-open-lightbox=\"no\" data-index=\"6\" data-width=\"1000\" data-height=\"1000\" \n\t\t\t\t\t\t\t\t\t\t\t\t\t\t\t\t\t\t\t\t>\n\t\t\t\t\t\t\t\t\n\t\t\t\t\t\t\t\t<img decoding=\"async\" width=\"1000\" height=\"1000\" src=\"https:\/\/in-memoriam.si\/wp-content\/uploads\/2024\/05\/004.webp\" class=\"wd-gallery-image image-6\" alt=\"\" srcset=\"https:\/\/in-memoriam.si\/wp-content\/uploads\/2024\/05\/004.webp 1000w, https:\/\/in-memoriam.si\/wp-content\/uploads\/2024\/05\/004-300x300.webp 300w, https:\/\/in-memoriam.si\/wp-content\/uploads\/2024\/05\/004-150x150.webp 150w, https:\/\/in-memoriam.si\/wp-content\/uploads\/2024\/05\/004-768x768.webp 768w, https:\/\/in-memoriam.si\/wp-content\/uploads\/2024\/05\/004-600x600.webp 600w, https:\/\/in-memoriam.si\/wp-content\/uploads\/2024\/05\/004-800x800.webp 800w\" sizes=\"(max-width: 1000px) 100vw, 1000px\" \/>\n\t\t\t\t\t\t\t\t\t\t\t\t\t\t\t<\/a>\n\t\t\t\t\t\t\t\t\t\t\t\t<\/div>\n\t\t\t\t\t\t\t\t\t\t\t<div class=\"wd-gallery-item wd-col\">\n\t\t\t\t\t\t\t\t\t\t\t\t\t\t<a href=\"https:\/\/in-memoriam.si\/wp-content\/uploads\/2024\/05\/005.webp\" data-elementor-open-lightbox=\"no\" data-index=\"7\" data-width=\"1000\" data-height=\"1000\" \n\t\t\t\t\t\t\t\t\t\t\t\t\t\t\t\t\t\t\t\t>\n\t\t\t\t\t\t\t\t\n\t\t\t\t\t\t\t\t<img decoding=\"async\" width=\"1000\" height=\"1000\" src=\"https:\/\/in-memoriam.si\/wp-content\/uploads\/2024\/05\/005.webp\" class=\"wd-gallery-image image-7\" alt=\"\" srcset=\"https:\/\/in-memoriam.si\/wp-content\/uploads\/2024\/05\/005.webp 1000w, https:\/\/in-memoriam.si\/wp-content\/uploads\/2024\/05\/005-300x300.webp 300w, https:\/\/in-memoriam.si\/wp-content\/uploads\/2024\/05\/005-150x150.webp 150w, https:\/\/in-memoriam.si\/wp-content\/uploads\/2024\/05\/005-768x768.webp 768w, https:\/\/in-memoriam.si\/wp-content\/uploads\/2024\/05\/005-600x600.webp 600w, https:\/\/in-memoriam.si\/wp-content\/uploads\/2024\/05\/005-800x800.webp 800w\" sizes=\"(max-width: 1000px) 100vw, 1000px\" \/>\n\t\t\t\t\t\t\t\t\t\t\t\t\t\t\t<\/a>\n\t\t\t\t\t\t\t\t\t\t\t\t<\/div>\n\t\t\t\t\t\t\t\t\t\t\t<div class=\"wd-gallery-item wd-col\">\n\t\t\t\t\t\t\t\t\t\t\t\t\t\t<a href=\"https:\/\/in-memoriam.si\/wp-content\/uploads\/2024\/05\/006.webp\" data-elementor-open-lightbox=\"no\" data-index=\"8\" data-width=\"1000\" data-height=\"1000\" \n\t\t\t\t\t\t\t\t\t\t\t\t\t\t\t\t\t\t\t\t>\n\t\t\t\t\t\t\t\t\n\t\t\t\t\t\t\t\t<img decoding=\"async\" width=\"1000\" height=\"1000\" src=\"https:\/\/in-memoriam.si\/wp-content\/uploads\/2024\/05\/006.webp\" class=\"wd-gallery-image image-8\" alt=\"\" srcset=\"https:\/\/in-memoriam.si\/wp-content\/uploads\/2024\/05\/006.webp 1000w, https:\/\/in-memoriam.si\/wp-content\/uploads\/2024\/05\/006-300x300.webp 300w, https:\/\/in-memoriam.si\/wp-content\/uploads\/2024\/05\/006-150x150.webp 150w, https:\/\/in-memoriam.si\/wp-content\/uploads\/2024\/05\/006-768x768.webp 768w, https:\/\/in-memoriam.si\/wp-content\/uploads\/2024\/05\/006-600x600.webp 600w, https:\/\/in-memoriam.si\/wp-content\/uploads\/2024\/05\/006-800x800.webp 800w\" sizes=\"(max-width: 1000px) 100vw, 1000px\" \/>\n\t\t\t\t\t\t\t\t\t\t\t\t\t\t\t<\/a>\n\t\t\t\t\t\t\t\t\t\t\t\t<\/div>\n\t\t\t\t\t\t\t\t\t\t\t<div class=\"wd-gallery-item wd-col\">\n\t\t\t\t\t\t\t\t\t\t\t\t\t\t<a href=\"https:\/\/in-memoriam.si\/wp-content\/uploads\/2024\/05\/008.webp\" data-elementor-open-lightbox=\"no\" data-index=\"9\" data-width=\"1000\" data-height=\"1000\" \n\t\t\t\t\t\t\t\t\t\t\t\t\t\t\t\t\t\t\t\t>\n\t\t\t\t\t\t\t\t\n\t\t\t\t\t\t\t\t<img decoding=\"async\" width=\"1000\" height=\"1000\" src=\"https:\/\/in-memoriam.si\/wp-content\/uploads\/2024\/05\/008.webp\" class=\"wd-gallery-image image-9\" alt=\"\" srcset=\"https:\/\/in-memoriam.si\/wp-content\/uploads\/2024\/05\/008.webp 1000w, https:\/\/in-memoriam.si\/wp-content\/uploads\/2024\/05\/008-300x300.webp 300w, https:\/\/in-memoriam.si\/wp-content\/uploads\/2024\/05\/008-150x150.webp 150w, https:\/\/in-memoriam.si\/wp-content\/uploads\/2024\/05\/008-768x768.webp 768w, https:\/\/in-memoriam.si\/wp-content\/uploads\/2024\/05\/008-600x600.webp 600w, https:\/\/in-memoriam.si\/wp-content\/uploads\/2024\/05\/008-800x800.webp 800w\" sizes=\"(max-width: 1000px) 100vw, 1000px\" \/>\n\t\t\t\t\t\t\t\t\t\t\t\t\t\t\t<\/a>\n\t\t\t\t\t\t\t\t\t\t\t\t<\/div>\n\t\t\t\t\t\t\t\t\t\n\t\t\t\t\t\t\t<\/div>\n\n\t\t\t\t\t<\/div>\n\t\t[\/vc_column][\/vc_row][vc_row][vc_column]\t\t<div id=\"wd-663a6eefbe725\" class=\"wd-text-block wd-wpb reset-last-child wd-rs-663a6eefbe725 text-left wd-fontsize-s \">\n\t\t\t<p style=\"text-align: center;\">Stranica je namijenjena samo u demonstracijske svrhe. Svaka sli\u010dnost s drugim sadr\u017eajem ili osobama je slu\u010dajna.<\/p>\n<p style=\"text-align: center;\">fotografije: unsplash.com<br \/>\nAudio: AI \u010dita\u010d<br \/>\nTekst: Ai pisac<\/p>\n\t\t<\/div>\n\t\t[\/vc_column][\/vc_row]<\/p>\n<\/div>","protected":false},"excerpt":{"rendered":"<p>[vc_row woodmart_css_id=&#8221;663a5efaddeb8&#8243; responsive_spacing=&#8221;eyJwYXJhbV90eXBlIjoid29vZG1hcnRfcmVzcG9uc2l2ZV9zcGFjaW5nIiwic2VsZWN0b3JfaWQiOiI2NjNhNWVmYWRkZWI4Iiwic2hvcnRjb2RlIjoidmNfcm93IiwiZGF0YSI6eyJ0YWJsZXQiOnt9LCJtb2JpbGUiOnt9fX0=&#8221; mobile_bg_img_hidden=&#8221;no&#8221; tablet_bg_img_hidden=&#8221;no&#8221; woodmart_parallax=&#8221;0&#8243; woodmart_gradient_switch=&#8221;no&#8221; woodmart_box_shadow=&#8221;no&#8221; wd_z_index=&#8221;no&#8221; woodmart_disable_overflow=&#8221;0&#8243; row_reverse_mobile=&#8221;0&#8243; row_reverse_tablet=&#8221;0&#8243;][vc_column woodmart_css_id=&#8221;663a750b17e1a&#8221; parallax_scroll=&#8221;no&#8221; woodmart_sticky_column=&#8221;false&#8221; wd_collapsible_content_switcher=&#8221;no&#8221; wd_column_role_offcanvas_desktop=&#8221;no&#8221; wd_column_role_offcanvas_tablet=&#8221;no&#8221; wd_column_role_offcanvas_mobile=&#8221;no&#8221; wd_column_role_content_desktop=&#8221;no&#8221;<\/p>\n","protected":false},"author":1,"featured_media":1534,"parent":0,"menu_order":0,"comment_status":"closed","ping_status":"closed","template":"","meta":{"footnotes":""},"yoast_head":"<!-- This site is optimized with the Yoast SEO Premium plugin v23.5 (Yoast SEO v24.5) - https:\/\/yoast.com\/wordpress\/plugins\/seo\/ -->\n<title>20240408 - in memoriam<\/title>\n<meta name=\"robots\" content=\"index, follow, max-snippet:-1, max-image-preview:large, max-video-preview:-1\" \/>\n<link rel=\"canonical\" href=\"https:\/\/in-memoriam.si\/hr\/20240408-2\/\" \/>\n<meta property=\"og:locale\" content=\"hr_HR\" \/>\n<meta property=\"og:type\" content=\"article\" \/>\n<meta property=\"og:title\" content=\"20240408\" \/>\n<meta property=\"og:description\" content=\"[vc_row woodmart_css_id=&#8221;663a5efaddeb8&#8243; responsive_spacing=&#8221;eyJwYXJhbV90eXBlIjoid29vZG1hcnRfcmVzcG9uc2l2ZV9zcGFjaW5nIiwic2VsZWN0b3JfaWQiOiI2NjNhNWVmYWRkZWI4Iiwic2hvcnRjb2RlIjoidmNfcm93IiwiZGF0YSI6eyJ0YWJsZXQiOnt9LCJtb2JpbGUiOnt9fX0=&#8221; mobile_bg_img_hidden=&#8221;no&#8221; tablet_bg_img_hidden=&#8221;no&#8221; woodmart_parallax=&#8221;0&#8243; woodmart_gradient_switch=&#8221;no&#8221; woodmart_box_shadow=&#8221;no&#8221; wd_z_index=&#8221;no&#8221; woodmart_disable_overflow=&#8221;0&#8243; row_reverse_mobile=&#8221;0&#8243; row_reverse_tablet=&#8221;0&#8243;][vc_column woodmart_css_id=&#8221;663a750b17e1a&#8221; parallax_scroll=&#8221;no&#8221; woodmart_sticky_column=&#8221;false&#8221; wd_collapsible_content_switcher=&#8221;no&#8221; wd_column_role_offcanvas_desktop=&#8221;no&#8221; wd_column_role_offcanvas_tablet=&#8221;no&#8221; wd_column_role_offcanvas_mobile=&#8221;no&#8221; wd_column_role_content_desktop=&#8221;no&#8221;\" \/>\n<meta property=\"og:url\" content=\"https:\/\/in-memoriam.si\/hr\/20240408-2\/\" \/>\n<meta property=\"og:site_name\" content=\"in memoriam\" \/>\n<meta property=\"article:publisher\" content=\"https:\/\/www.facebook.com\/FotoSimonka\" \/>\n<meta property=\"article:modified_time\" content=\"2024-05-11T21:24:54+00:00\" \/>\n<meta property=\"og:image\" content=\"https:\/\/in-memoriam.si\/wp-content\/uploads\/2024\/05\/inmemoriam-014.webp\" \/>\n\t<meta property=\"og:image:width\" content=\"2200\" \/>\n\t<meta property=\"og:image:height\" content=\"1257\" \/>\n\t<meta property=\"og:image:type\" content=\"image\/webp\" \/>\n<meta name=\"twitter:card\" content=\"summary_large_image\" \/>\n<meta name=\"twitter:label1\" content=\"Procijenjeno vrijeme \u010ditanja\" \/>\n\t<meta name=\"twitter:data1\" content=\"6 minuta\" \/>\n<script type=\"application\/ld+json\" class=\"yoast-schema-graph\">{\"@context\":\"https:\/\/schema.org\",\"@graph\":[{\"@type\":\"WebPage\",\"@id\":\"https:\/\/in-memoriam.si\/hr\/20240408-2\/\",\"url\":\"https:\/\/in-memoriam.si\/hr\/20240408-2\/\",\"name\":\"20240408 - in memoriam\",\"isPartOf\":{\"@id\":\"https:\/\/in-memoriam.si\/hr\/#website\"},\"primaryImageOfPage\":{\"@id\":\"https:\/\/in-memoriam.si\/hr\/20240408-2\/#primaryimage\"},\"image\":{\"@id\":\"https:\/\/in-memoriam.si\/hr\/20240408-2\/#primaryimage\"},\"thumbnailUrl\":\"https:\/\/in-memoriam.si\/wp-content\/uploads\/2024\/05\/QR-BEDGE.png\",\"datePublished\":\"2024-04-13T13:48:32+00:00\",\"dateModified\":\"2024-05-11T21:24:54+00:00\",\"breadcrumb\":{\"@id\":\"https:\/\/in-memoriam.si\/hr\/20240408-2\/#breadcrumb\"},\"inLanguage\":\"hr\",\"potentialAction\":[{\"@type\":\"ReadAction\",\"target\":[\"https:\/\/in-memoriam.si\/hr\/20240408-2\/\"]}]},{\"@type\":\"ImageObject\",\"inLanguage\":\"hr\",\"@id\":\"https:\/\/in-memoriam.si\/hr\/20240408-2\/#primaryimage\",\"url\":\"https:\/\/in-memoriam.si\/wp-content\/uploads\/2024\/05\/QR-BEDGE.png\",\"contentUrl\":\"https:\/\/in-memoriam.si\/wp-content\/uploads\/2024\/05\/QR-BEDGE.png\",\"width\":200,\"height\":200},{\"@type\":\"BreadcrumbList\",\"@id\":\"https:\/\/in-memoriam.si\/hr\/20240408-2\/#breadcrumb\",\"itemListElement\":[{\"@type\":\"ListItem\",\"position\":1,\"name\":\"Home\",\"item\":\"https:\/\/in-memoriam.si\/hr\/in-memoriam\/\"},{\"@type\":\"ListItem\",\"position\":2,\"name\":\"20240408\"}]},{\"@type\":\"WebSite\",\"@id\":\"https:\/\/in-memoriam.si\/hr\/#website\",\"url\":\"https:\/\/in-memoriam.si\/hr\/\",\"name\":\"in memoriam - v spomin\",\"description\":\"spomini na na&scaron;e drage pokojne\",\"publisher\":{\"@id\":\"https:\/\/in-memoriam.si\/hr\/#organization\"},\"alternateName\":\"Plo\u0161\u010dice s QR kodo\",\"potentialAction\":[{\"@type\":\"SearchAction\",\"target\":{\"@type\":\"EntryPoint\",\"urlTemplate\":\"https:\/\/in-memoriam.si\/hr\/?s={search_term_string}\"},\"query-input\":{\"@type\":\"PropertyValueSpecification\",\"valueRequired\":true,\"valueName\":\"search_term_string\"}}],\"inLanguage\":\"hr\"},{\"@type\":\"Organization\",\"@id\":\"https:\/\/in-memoriam.si\/hr\/#organization\",\"name\":\"in memoriam\",\"url\":\"https:\/\/in-memoriam.si\/hr\/\",\"logo\":{\"@type\":\"ImageObject\",\"inLanguage\":\"hr\",\"@id\":\"https:\/\/in-memoriam.si\/hr\/#\/schema\/logo\/image\/\",\"url\":\"https:\/\/in-memoriam.si\/wp-content\/uploads\/2024\/04\/inmemoriam-web-logo.webp\",\"contentUrl\":\"https:\/\/in-memoriam.si\/wp-content\/uploads\/2024\/04\/inmemoriam-web-logo.webp\",\"width\":300,\"height\":50,\"caption\":\"in memoriam\"},\"image\":{\"@id\":\"https:\/\/in-memoriam.si\/hr\/#\/schema\/logo\/image\/\"},\"sameAs\":[\"https:\/\/www.facebook.com\/FotoSimonka\"]}]}<\/script>\n<!-- \/ Yoast SEO Premium plugin. -->","yoast_head_json":{"title":"20240408 - in memoriam","robots":{"index":"index","follow":"follow","max-snippet":"max-snippet:-1","max-image-preview":"max-image-preview:large","max-video-preview":"max-video-preview:-1"},"canonical":"https:\/\/in-memoriam.si\/hr\/20240408-2\/","og_locale":"hr_HR","og_type":"article","og_title":"20240408","og_description":"[vc_row woodmart_css_id=&#8221;663a5efaddeb8&#8243; responsive_spacing=&#8221;eyJwYXJhbV90eXBlIjoid29vZG1hcnRfcmVzcG9uc2l2ZV9zcGFjaW5nIiwic2VsZWN0b3JfaWQiOiI2NjNhNWVmYWRkZWI4Iiwic2hvcnRjb2RlIjoidmNfcm93IiwiZGF0YSI6eyJ0YWJsZXQiOnt9LCJtb2JpbGUiOnt9fX0=&#8221; mobile_bg_img_hidden=&#8221;no&#8221; tablet_bg_img_hidden=&#8221;no&#8221; woodmart_parallax=&#8221;0&#8243; woodmart_gradient_switch=&#8221;no&#8221; woodmart_box_shadow=&#8221;no&#8221; wd_z_index=&#8221;no&#8221; woodmart_disable_overflow=&#8221;0&#8243; row_reverse_mobile=&#8221;0&#8243; row_reverse_tablet=&#8221;0&#8243;][vc_column woodmart_css_id=&#8221;663a750b17e1a&#8221; parallax_scroll=&#8221;no&#8221; woodmart_sticky_column=&#8221;false&#8221; wd_collapsible_content_switcher=&#8221;no&#8221; wd_column_role_offcanvas_desktop=&#8221;no&#8221; wd_column_role_offcanvas_tablet=&#8221;no&#8221; wd_column_role_offcanvas_mobile=&#8221;no&#8221; wd_column_role_content_desktop=&#8221;no&#8221;","og_url":"https:\/\/in-memoriam.si\/hr\/20240408-2\/","og_site_name":"in memoriam","article_publisher":"https:\/\/www.facebook.com\/FotoSimonka","article_modified_time":"2024-05-11T21:24:54+00:00","og_image":[{"width":2200,"height":1257,"url":"https:\/\/in-memoriam.si\/wp-content\/uploads\/2024\/05\/inmemoriam-014.webp","type":"image\/webp"}],"twitter_card":"summary_large_image","twitter_misc":{"Procijenjeno vrijeme \u010ditanja":"6 minuta"},"schema":{"@context":"https:\/\/schema.org","@graph":[{"@type":"WebPage","@id":"https:\/\/in-memoriam.si\/hr\/20240408-2\/","url":"https:\/\/in-memoriam.si\/hr\/20240408-2\/","name":"20240408 - in memoriam","isPartOf":{"@id":"https:\/\/in-memoriam.si\/hr\/#website"},"primaryImageOfPage":{"@id":"https:\/\/in-memoriam.si\/hr\/20240408-2\/#primaryimage"},"image":{"@id":"https:\/\/in-memoriam.si\/hr\/20240408-2\/#primaryimage"},"thumbnailUrl":"https:\/\/in-memoriam.si\/wp-content\/uploads\/2024\/05\/QR-BEDGE.png","datePublished":"2024-04-13T13:48:32+00:00","dateModified":"2024-05-11T21:24:54+00:00","breadcrumb":{"@id":"https:\/\/in-memoriam.si\/hr\/20240408-2\/#breadcrumb"},"inLanguage":"hr","potentialAction":[{"@type":"ReadAction","target":["https:\/\/in-memoriam.si\/hr\/20240408-2\/"]}]},{"@type":"ImageObject","inLanguage":"hr","@id":"https:\/\/in-memoriam.si\/hr\/20240408-2\/#primaryimage","url":"https:\/\/in-memoriam.si\/wp-content\/uploads\/2024\/05\/QR-BEDGE.png","contentUrl":"https:\/\/in-memoriam.si\/wp-content\/uploads\/2024\/05\/QR-BEDGE.png","width":200,"height":200},{"@type":"BreadcrumbList","@id":"https:\/\/in-memoriam.si\/hr\/20240408-2\/#breadcrumb","itemListElement":[{"@type":"ListItem","position":1,"name":"Home","item":"https:\/\/in-memoriam.si\/hr\/in-memoriam\/"},{"@type":"ListItem","position":2,"name":"20240408"}]},{"@type":"WebSite","@id":"https:\/\/in-memoriam.si\/hr\/#website","url":"https:\/\/in-memoriam.si\/hr\/","name":"in memoriam - v spomin","description":"spomini na na&scaron;e drage pokojne","publisher":{"@id":"https:\/\/in-memoriam.si\/hr\/#organization"},"alternateName":"Plo\u0161\u010dice s QR kodo","potentialAction":[{"@type":"SearchAction","target":{"@type":"EntryPoint","urlTemplate":"https:\/\/in-memoriam.si\/hr\/?s={search_term_string}"},"query-input":{"@type":"PropertyValueSpecification","valueRequired":true,"valueName":"search_term_string"}}],"inLanguage":"hr"},{"@type":"Organization","@id":"https:\/\/in-memoriam.si\/hr\/#organization","name":"in memoriam","url":"https:\/\/in-memoriam.si\/hr\/","logo":{"@type":"ImageObject","inLanguage":"hr","@id":"https:\/\/in-memoriam.si\/hr\/#\/schema\/logo\/image\/","url":"https:\/\/in-memoriam.si\/wp-content\/uploads\/2024\/04\/inmemoriam-web-logo.webp","contentUrl":"https:\/\/in-memoriam.si\/wp-content\/uploads\/2024\/04\/inmemoriam-web-logo.webp","width":300,"height":50,"caption":"in memoriam"},"image":{"@id":"https:\/\/in-memoriam.si\/hr\/#\/schema\/logo\/image\/"},"sameAs":["https:\/\/www.facebook.com\/FotoSimonka"]}]}},"_links":{"self":[{"href":"https:\/\/in-memoriam.si\/hr\/wp-json\/wp\/v2\/pages\/1786"}],"collection":[{"href":"https:\/\/in-memoriam.si\/hr\/wp-json\/wp\/v2\/pages"}],"about":[{"href":"https:\/\/in-memoriam.si\/hr\/wp-json\/wp\/v2\/types\/page"}],"author":[{"embeddable":true,"href":"https:\/\/in-memoriam.si\/hr\/wp-json\/wp\/v2\/users\/1"}],"replies":[{"embeddable":true,"href":"https:\/\/in-memoriam.si\/hr\/wp-json\/wp\/v2\/comments?post=1786"}],"version-history":[{"count":0,"href":"https:\/\/in-memoriam.si\/hr\/wp-json\/wp\/v2\/pages\/1786\/revisions"}],"wp:featuredmedia":[{"embeddable":true,"href":"https:\/\/in-memoriam.si\/hr\/wp-json\/wp\/v2\/media\/1534"}],"wp:attachment":[{"href":"https:\/\/in-memoriam.si\/hr\/wp-json\/wp\/v2\/media?parent=1786"}],"curies":[{"name":"wp","href":"https:\/\/api.w.org\/{rel}","templated":true}]}}