{"id":1820,"date":"2024-04-09T19:52:46","date_gmt":"2024-04-09T19:52:46","guid":{"rendered":"https:\/\/in-memoriam.si\/pravo-na-odustajanje\/"},"modified":"2024-05-11T18:46:08","modified_gmt":"2024-05-11T18:46:08","slug":"pravo-na-odustajanje","status":"publish","type":"page","link":"https:\/\/in-memoriam.si\/hr\/pravo-na-odustajanje\/","title":{"rendered":"Pravo na odustajanje"},"content":{"rendered":"<div class=\"wpb-content-wrapper\"><p>[vc_row][vc_column][vc_custom_heading text=&#8221;PRAVO NA ODUSTAJANJE&#8221; use_theme_fonts=&#8221;yes&#8221;][vc_separator wd_hide_on_desktop=&#8221;no&#8221; wd_hide_on_tablet=&#8221;no&#8221; wd_hide_on_mobile=&#8221;no&#8221;][\/vc_column][\/vc_row][vc_row][vc_column]\t\t<div id=\"wd-663b2adea8418\" class=\"wd-text-block wd-wpb reset-last-child wd-rs-663b2adea8418 text-left wd-fontsize-m \">\n\t\t\t<div class=\"vc_row wpb_row vc_row-fluid\">\n<div class=\"wpb_column vc_column_container vc_col-sm-12\">\n<div class=\"vc_column-inner\">\n<div class=\"wpb_wrapper\">\n<div class=\"wpb_text_column wpb_content_element\">\n<div class=\"wpb_wrapper\">\n<blockquote><p>\nUsluga koju naru\u010dujete putem web stranice in-memoriam.si je netipi\u010dna i izra\u0111uje se ili prilago\u0111ava za odre\u0111enu osobu prema narud\u017ebi i uputama naru\u010ditelja te se ne mo\u017ee koristiti u druge svrhe, stoga se za ovu vrijede sljede\u0107e odredbe servis:\n<\/p><\/blockquote>\n<p><strong>Potro\u0161a\u010d nema pravo odustati od ugovora:<\/strong><\/p>\n<blockquote><p>\n<strong>kod ugovora \u010diji je predmet roba proizvedena prema to\u010dnim uputama potro\u0161a\u010da, koja je prilago\u0111ena njegovim osobnim potrebama i koja zbog svoje prirode nije prikladna za povrat.<\/strong><\/p>\n<p>&nbsp;\n<\/p><\/blockquote>\n<p>Ako nalog izvr\u0161ava pravna ili fizi\u010dka osoba koja obavlja djelatnost stjecanjem dobiti, neovisno o pravno ustrojstvenom obliku ili vlasni\u0161tvu, na nju se ne primjenjuju odredbe ove glave. U tim slu\u010dajevima \u0107emo Va\u0161e zahtjeve za povratom robe rje\u0161avati individualno, uzimaju\u0107i u obzir u najve\u0107oj mogu\u0107oj mjeri sve razloge i okolnosti kao i mogu\u0107nosti koje pru\u017eaju na\u0161i dobavlja\u010di.<\/p>\n<p><strong>Odredbe koje se odnose na robu \u0161iroke potro\u0161nje i nisu izravno vezane uz personaliziranu ponudu.<\/strong><\/p>\n<p>Kod ugovora sklopljenih na daljinu, potro\u0161a\u010d ima pravo u roku od 14 dana od primitka robe obavijestiti tvrtku da odustaje od ugovora, bez obrazlo\u017eenja svoje odluke. Potro\u0161a\u010d mora robu vratiti u roku od 14 dana od priop\u0107ene namjere odustajanja od ugovora.<\/p>\n<p>Jedini tro\u0161ak koji potro\u0161a\u010d tereti u vezi s odustajanjem od ugovora je izravni tro\u0161ak povrata robe.<\/p>\n<p>Obavijestite nas pisanim putem o namjeravanom povratu i to na kontakt e-mail: info@foto-simonka.si<\/p>\n<p>Obavijest o odustajanju mo\u017eete dati povratnicom ili nedvosmislenom izjavom iz koje je jasno da odustajete od ugovora. Smatra se da je potro\u0161a\u010d pravodobno podnio izjavu o odustajanju od ugovora ako ju je poslao u roku odre\u0111enom za odustanak od ugovora. Potro\u0161a\u010d snosi teret dokazivanja u vezi s kori\u0161tenjem prava na odustanak.<\/p>\n<p>Tvrtka mora vratiti uplate odmah ili najkasnije u roku od 14 dana od primitka obavijesti o odustajanju od ugovora. Prodavatelj vra\u0107a primljene uplate potro\u0161a\u010du istim sredstvom pla\u0107anja koje je potro\u0161a\u010d koristio, osim ako je potro\u0161a\u010d izri\u010dito zatra\u017eio kori\u0161tenje drugog sredstva pla\u0107anja i potro\u0161a\u010d zbog toga ne snosi nikakve tro\u0161kove.<\/p>\n<p>Kupac je du\u017ean primljenu robu vratiti neo\u0161te\u0107enu i u istoj koli\u010dini, osim ako je roba uni\u0161tena, o\u0161te\u0107ena, izgubljena ili se njezina koli\u010dina smanjila bez krivnje potro\u0161a\u010da.<\/p>\n<p>Kupac ne smije nesmetano koristiti robu do odustajanja od ugovora, ali samo zbog prirode internet trgovine (ugovor na daljinu) ima mogu\u0107nost preispitati kupnju. Kupac mo\u017ee pregledati proizvod i izvr\u0161iti test koji je prijeko potreban za utvr\u0111ivanje stvarnog stanja.<\/p>\n<p>Za lak\u0161e razumijevanje prava na povrat proizvoda donosimo obja\u0161njenje tr\u017ei\u0161ne inspekcije (izvor: Informacije \u2013 Bilten Gospodarske zbornice Slovenije, 20. sije\u010dnja 2012., broj 3):<\/p>\n<p>Kada je rije\u010d o pravu na odustanak od ugovora sklopljenog na daljinu, potrebno je znati da se radi o odustanku od ugovora, a da nema ni\u0161ta lo\u0161e u samoj stvari, ve\u0107 to pravo ima potro\u0161a\u010d zbog sama priroda ugovora \u2013 sklapanje ugovora na daljinu. Pravo na odustanak od ugovora ne zna\u010di da potro\u0161a\u010d ne zna \u0161to kupuje (u principu potro\u0161a\u010d zna i \u0161to naru\u010duje za druge stvari), ve\u0107 samo da o svojoj odluci razmisli u zakonskom roku i u slu\u010daju da je ova odluka bila prenagljena, mijenja svoju odluku i odustaje od ugovora.<\/p>\n<p>Tako\u0111er treba znati da sklapanje ugovora na daljinu potro\u0161a\u010du ne daje ve\u0107a prava od sklapanja ugovora na klasi\u010dan na\u010din (odnosno posjetom trgovini). Dakle, potro\u0161a\u010d ne mo\u017ee i ne smije nesmetano koristiti dobivenu robu cijelo vrijeme do odustajanja od ugovora, jer se ne radi o probnoj kupnji, gdje bi testiranje robe bilo uvjet za ostanak ugovora na snazi. Dakle, kupac mo\u017ee primljenu robu pregledati i testirati samo u mjeri u kojoj je to prijeko potrebno za utvr\u0111ivanje stvarnog stanja i kao \u0161to je to uobi\u010dajeno u trgovinama. Svako &#8220;testiranje&#8221; koje odstupa od navedenog mo\u017ee se smatrati kori\u0161tenjem robe, \u0161to zna\u010di da potro\u0161a\u010d samim time gubi pravo na odustanak od ugovora.<\/p>\n<\/div>\n<\/div>\n<\/div>\n<\/div>\n<\/div>\n<\/div>\n\t\t<\/div>\n\t\t[\/vc_column][\/vc_row]<\/p>\n<\/div>","protected":false},"excerpt":{"rendered":"<p>[vc_row][vc_column][vc_custom_heading text=&#8221;PRAVO NA ODUSTAJANJE&#8221; use_theme_fonts=&#8221;yes&#8221;][vc_separator wd_hide_on_desktop=&#8221;no&#8221; wd_hide_on_tablet=&#8221;no&#8221; wd_hide_on_mobile=&#8221;no&#8221;][\/vc_column][\/vc_row][vc_row][vc_column][\/vc_column][\/vc_row]<\/p>\n","protected":false},"author":1,"featured_media":0,"parent":0,"menu_order":0,"comment_status":"closed","ping_status":"closed","template":"","meta":{"footnotes":""},"yoast_head":"<!-- This site is optimized with the Yoast SEO Premium plugin v23.5 (Yoast SEO v24.5) - https:\/\/yoast.com\/wordpress\/plugins\/seo\/ -->\n<title>Pravo na odustajanje - in memoriam<\/title>\n<meta name=\"robots\" content=\"index, follow, max-snippet:-1, max-image-preview:large, max-video-preview:-1\" \/>\n<link rel=\"canonical\" href=\"https:\/\/in-memoriam.si\/hr\/pravo-na-odustajanje\/\" \/>\n<meta property=\"og:locale\" content=\"hr_HR\" \/>\n<meta property=\"og:type\" content=\"article\" \/>\n<meta property=\"og:title\" content=\"Pravo na odustajanje\" \/>\n<meta property=\"og:description\" content=\"[vc_row][vc_column][vc_custom_heading text=&#8221;PRAVO NA ODUSTAJANJE&#8221; use_theme_fonts=&#8221;yes&#8221;][vc_separator wd_hide_on_desktop=&#8221;no&#8221; wd_hide_on_tablet=&#8221;no&#8221; wd_hide_on_mobile=&#8221;no&#8221;][\/vc_column][\/vc_row][vc_row][vc_column][\/vc_column][\/vc_row]\" \/>\n<meta property=\"og:url\" content=\"https:\/\/in-memoriam.si\/hr\/pravo-na-odustajanje\/\" \/>\n<meta property=\"og:site_name\" content=\"in memoriam\" \/>\n<meta property=\"article:publisher\" content=\"https:\/\/www.facebook.com\/FotoSimonka\" \/>\n<meta property=\"article:modified_time\" content=\"2024-05-11T18:46:08+00:00\" \/>\n<meta property=\"og:image\" content=\"https:\/\/in-memoriam.si\/wp-content\/uploads\/2024\/05\/inmemoriam-014.webp\" \/>\n\t<meta property=\"og:image:width\" content=\"2200\" \/>\n\t<meta property=\"og:image:height\" content=\"1257\" \/>\n\t<meta property=\"og:image:type\" content=\"image\/webp\" \/>\n<meta name=\"twitter:card\" content=\"summary_large_image\" \/>\n<meta name=\"twitter:label1\" content=\"Procijenjeno vrijeme \u010ditanja\" \/>\n\t<meta name=\"twitter:data1\" content=\"4 minute\" \/>\n<script type=\"application\/ld+json\" class=\"yoast-schema-graph\">{\"@context\":\"https:\/\/schema.org\",\"@graph\":[{\"@type\":\"WebPage\",\"@id\":\"https:\/\/in-memoriam.si\/hr\/pravo-na-odustajanje\/\",\"url\":\"https:\/\/in-memoriam.si\/hr\/pravo-na-odustajanje\/\",\"name\":\"Pravo na odustajanje - in memoriam\",\"isPartOf\":{\"@id\":\"https:\/\/in-memoriam.si\/hr\/#website\"},\"datePublished\":\"2024-04-09T19:52:46+00:00\",\"dateModified\":\"2024-05-11T18:46:08+00:00\",\"breadcrumb\":{\"@id\":\"https:\/\/in-memoriam.si\/hr\/pravo-na-odustajanje\/#breadcrumb\"},\"inLanguage\":\"hr\",\"potentialAction\":[{\"@type\":\"ReadAction\",\"target\":[\"https:\/\/in-memoriam.si\/hr\/pravo-na-odustajanje\/\"]}]},{\"@type\":\"BreadcrumbList\",\"@id\":\"https:\/\/in-memoriam.si\/hr\/pravo-na-odustajanje\/#breadcrumb\",\"itemListElement\":[{\"@type\":\"ListItem\",\"position\":1,\"name\":\"Home\",\"item\":\"https:\/\/in-memoriam.si\/hr\/in-memoriam\/\"},{\"@type\":\"ListItem\",\"position\":2,\"name\":\"Pravo na odustajanje\"}]},{\"@type\":\"WebSite\",\"@id\":\"https:\/\/in-memoriam.si\/hr\/#website\",\"url\":\"https:\/\/in-memoriam.si\/hr\/\",\"name\":\"in memoriam - v spomin\",\"description\":\"spomini na na&scaron;e drage pokojne\",\"publisher\":{\"@id\":\"https:\/\/in-memoriam.si\/hr\/#organization\"},\"alternateName\":\"Plo\u0161\u010dice s QR kodo\",\"potentialAction\":[{\"@type\":\"SearchAction\",\"target\":{\"@type\":\"EntryPoint\",\"urlTemplate\":\"https:\/\/in-memoriam.si\/hr\/?s={search_term_string}\"},\"query-input\":{\"@type\":\"PropertyValueSpecification\",\"valueRequired\":true,\"valueName\":\"search_term_string\"}}],\"inLanguage\":\"hr\"},{\"@type\":\"Organization\",\"@id\":\"https:\/\/in-memoriam.si\/hr\/#organization\",\"name\":\"in memoriam\",\"url\":\"https:\/\/in-memoriam.si\/hr\/\",\"logo\":{\"@type\":\"ImageObject\",\"inLanguage\":\"hr\",\"@id\":\"https:\/\/in-memoriam.si\/hr\/#\/schema\/logo\/image\/\",\"url\":\"https:\/\/in-memoriam.si\/wp-content\/uploads\/2024\/04\/inmemoriam-web-logo.webp\",\"contentUrl\":\"https:\/\/in-memoriam.si\/wp-content\/uploads\/2024\/04\/inmemoriam-web-logo.webp\",\"width\":300,\"height\":50,\"caption\":\"in memoriam\"},\"image\":{\"@id\":\"https:\/\/in-memoriam.si\/hr\/#\/schema\/logo\/image\/\"},\"sameAs\":[\"https:\/\/www.facebook.com\/FotoSimonka\"]}]}<\/script>\n<!-- \/ Yoast SEO Premium plugin. -->","yoast_head_json":{"title":"Pravo na odustajanje - in memoriam","robots":{"index":"index","follow":"follow","max-snippet":"max-snippet:-1","max-image-preview":"max-image-preview:large","max-video-preview":"max-video-preview:-1"},"canonical":"https:\/\/in-memoriam.si\/hr\/pravo-na-odustajanje\/","og_locale":"hr_HR","og_type":"article","og_title":"Pravo na odustajanje","og_description":"[vc_row][vc_column][vc_custom_heading text=&#8221;PRAVO NA ODUSTAJANJE&#8221; use_theme_fonts=&#8221;yes&#8221;][vc_separator wd_hide_on_desktop=&#8221;no&#8221; wd_hide_on_tablet=&#8221;no&#8221; wd_hide_on_mobile=&#8221;no&#8221;][\/vc_column][\/vc_row][vc_row][vc_column][\/vc_column][\/vc_row]","og_url":"https:\/\/in-memoriam.si\/hr\/pravo-na-odustajanje\/","og_site_name":"in memoriam","article_publisher":"https:\/\/www.facebook.com\/FotoSimonka","article_modified_time":"2024-05-11T18:46:08+00:00","og_image":[{"width":2200,"height":1257,"url":"https:\/\/in-memoriam.si\/wp-content\/uploads\/2024\/05\/inmemoriam-014.webp","type":"image\/webp"}],"twitter_card":"summary_large_image","twitter_misc":{"Procijenjeno vrijeme \u010ditanja":"4 minute"},"schema":{"@context":"https:\/\/schema.org","@graph":[{"@type":"WebPage","@id":"https:\/\/in-memoriam.si\/hr\/pravo-na-odustajanje\/","url":"https:\/\/in-memoriam.si\/hr\/pravo-na-odustajanje\/","name":"Pravo na odustajanje - in memoriam","isPartOf":{"@id":"https:\/\/in-memoriam.si\/hr\/#website"},"datePublished":"2024-04-09T19:52:46+00:00","dateModified":"2024-05-11T18:46:08+00:00","breadcrumb":{"@id":"https:\/\/in-memoriam.si\/hr\/pravo-na-odustajanje\/#breadcrumb"},"inLanguage":"hr","potentialAction":[{"@type":"ReadAction","target":["https:\/\/in-memoriam.si\/hr\/pravo-na-odustajanje\/"]}]},{"@type":"BreadcrumbList","@id":"https:\/\/in-memoriam.si\/hr\/pravo-na-odustajanje\/#breadcrumb","itemListElement":[{"@type":"ListItem","position":1,"name":"Home","item":"https:\/\/in-memoriam.si\/hr\/in-memoriam\/"},{"@type":"ListItem","position":2,"name":"Pravo na odustajanje"}]},{"@type":"WebSite","@id":"https:\/\/in-memoriam.si\/hr\/#website","url":"https:\/\/in-memoriam.si\/hr\/","name":"in memoriam - v spomin","description":"spomini na na&scaron;e drage pokojne","publisher":{"@id":"https:\/\/in-memoriam.si\/hr\/#organization"},"alternateName":"Plo\u0161\u010dice s QR kodo","potentialAction":[{"@type":"SearchAction","target":{"@type":"EntryPoint","urlTemplate":"https:\/\/in-memoriam.si\/hr\/?s={search_term_string}"},"query-input":{"@type":"PropertyValueSpecification","valueRequired":true,"valueName":"search_term_string"}}],"inLanguage":"hr"},{"@type":"Organization","@id":"https:\/\/in-memoriam.si\/hr\/#organization","name":"in memoriam","url":"https:\/\/in-memoriam.si\/hr\/","logo":{"@type":"ImageObject","inLanguage":"hr","@id":"https:\/\/in-memoriam.si\/hr\/#\/schema\/logo\/image\/","url":"https:\/\/in-memoriam.si\/wp-content\/uploads\/2024\/04\/inmemoriam-web-logo.webp","contentUrl":"https:\/\/in-memoriam.si\/wp-content\/uploads\/2024\/04\/inmemoriam-web-logo.webp","width":300,"height":50,"caption":"in memoriam"},"image":{"@id":"https:\/\/in-memoriam.si\/hr\/#\/schema\/logo\/image\/"},"sameAs":["https:\/\/www.facebook.com\/FotoSimonka"]}]}},"_links":{"self":[{"href":"https:\/\/in-memoriam.si\/hr\/wp-json\/wp\/v2\/pages\/1820"}],"collection":[{"href":"https:\/\/in-memoriam.si\/hr\/wp-json\/wp\/v2\/pages"}],"about":[{"href":"https:\/\/in-memoriam.si\/hr\/wp-json\/wp\/v2\/types\/page"}],"author":[{"embeddable":true,"href":"https:\/\/in-memoriam.si\/hr\/wp-json\/wp\/v2\/users\/1"}],"replies":[{"embeddable":true,"href":"https:\/\/in-memoriam.si\/hr\/wp-json\/wp\/v2\/comments?post=1820"}],"version-history":[{"count":0,"href":"https:\/\/in-memoriam.si\/hr\/wp-json\/wp\/v2\/pages\/1820\/revisions"}],"wp:attachment":[{"href":"https:\/\/in-memoriam.si\/hr\/wp-json\/wp\/v2\/media?parent=1820"}],"curies":[{"name":"wp","href":"https:\/\/api.w.org\/{rel}","templated":true}]}}