{"id":1826,"date":"2024-04-28T09:41:32","date_gmt":"2024-04-28T09:41:32","guid":{"rendered":"https:\/\/in-memoriam.si\/preporuke\/"},"modified":"2024-05-28T19:37:27","modified_gmt":"2024-05-28T19:37:27","slug":"preporuke","status":"publish","type":"page","link":"https:\/\/in-memoriam.si\/hr\/preporuke\/","title":{"rendered":"PREPORUKE"},"content":{"rendered":"<div class=\"wpb-content-wrapper\"><p>[vc_row][vc_column][vc_custom_heading text=&#8221;SAVJETI I PREPORUKE&#8221; font_container=&#8221;tag:h2|font_size:48|text_align:left&#8221; use_theme_fonts=&#8221;yes&#8221; css=&#8221;&#8221;][vc_column_text css=&#8221;&#8221; woodmart_inline=&#8221;no&#8221; text_larger=&#8221;no&#8221;]Kako bismo trebali krenuti s pripremom? Neki savjeti i preporuke za pripremu tekstova, fotografija i drugih materijala.[\/vc_column_text][\/vc_column][\/vc_row][vc_row][vc_column]\t\t<div id=\"wd-664ee734462d9\" class=\"wd-text-block wd-wpb reset-last-child wd-rs-664ee734462d9 text-left wd-fontsize-l vc_custom_1716447045818\">\n\t\t\t<div class=\"flex flex-grow flex-col max-w-full\">\n<div class=\"min-h-[20px] text-message flex flex-col items-start gap-3 whitespace-pre-wrap break-words [.text-message+&amp;]:mt-5 overflow-x-auto\" dir=\"auto\" data-message-author-role=\"assistant\" data-message-id=\"6fdc1da7-567a-4376-a68b-8701daaa81f4\">\n<div class=\"markdown prose w-full break-words dark:prose-invert light\">\n<p>Pisanje osmrtnice emotivan je i va\u017ean zadatak jer omogu\u0107uje odavanje po\u010dasti i sje\u0107anje na \u017eivot pokojnika.<\/p>\n<\/div>\n<\/div>\n<\/div>\n<p>Kada pi\u0161ete osmrtnicu za nekoga tko je preminuo, va\u017eno je uklju\u010diti klju\u010dne \u010dinjenice i informacije o \u017eivotu i postignu\u0107ima pokojnika.<\/p>\n<p>Iako pisanje osmrtnice mo\u017ee biti emocionalan zadatak, to je tako\u0111er prilika za odavanje po\u010dasti i sje\u0107anje na \u017eivot pokojnika. Uz po\u0161tovanje, empatiju i iskrenost, mo\u017eete stvoriti emocionalnu uspomenu koja \u0107e dugo trajati. Evo nekoliko koraka koje mo\u017eete poduzeti da po\u010dnete pisati.<\/p>\n\t\t<\/div>\n\t\t[vc_custom_heading text=&#8221;Kontaktirajte nas za pomo\u0107&#8221; font_container=&#8221;tag:h2|font_size:48|text_align:left&#8221; use_theme_fonts=&#8221;yes&#8221; css=&#8221;&#8221;]\t\t<div id=\"wd-664ee76a34531\" class=\"wd-text-block wd-wpb reset-last-child wd-rs-664ee76a34531 text-left wd-fontsize-l vc_custom_1716447096667\">\n\t\t\t<div class=\"flex flex-grow flex-col max-w-full\">\n<div class=\"min-h-[20px] text-message flex flex-col items-start gap-3 whitespace-pre-wrap break-words [.text-message+&amp;]:mt-5 overflow-x-auto\" dir=\"auto\" data-message-author-role=\"assistant\" data-message-id=\"6fdc1da7-567a-4376-a68b-8701daaa81f4\">\n<div class=\"markdown prose w-full break-words dark:prose-invert light\">\n<p>Ako odlu\u010dite da \u017eelite na\u0161u pomo\u0107 pri pisanju, odaberite odgovaraju\u0107u opciju u ponudi. Ukoliko trebate dodatne informacije, slobodno nas kontaktirajte. Rado \u0107emo Vas saslu\u0161ati i pomo\u0107i Vam.<\/p>\n<\/div>\n<\/div>\n<\/div>\n\t\t<\/div>\n\t\t[\/vc_column][\/vc_row][vc_row][vc_column][vc_empty_space height=&#8221;50px&#8221; woodmart_hide_large=&#8221;0&#8243; woodmart_hide_medium=&#8221;0&#8243; woodmart_hide_small=&#8221;0&#8243;][\/vc_column][\/vc_row][vc_row][vc_column][vc_custom_heading text=&#8221;\u0160to trebamo od tebe?&#8221; font_container=&#8221;tag:h2|font_size:48|text_align:left&#8221; use_theme_fonts=&#8221;yes&#8221; css=&#8221;&#8221;]\t\t<div id=\"wd-663caa28e4fe0\" class=\"wd-text-block wd-wpb reset-last-child wd-rs-663caa28e4fe0 text-left wd-fontsize-l vc_custom_1715252217000\">\n\t\t\t<ul>\n<li>Lektorirani tekst \/ nekrolog \/ u elektroni\u010dkom obliku.<br \/>\nTekst mo\u017eete dostaviti u PDF ili Word formatu. Tekst treba biti gramati\u010dki i stilski ure\u0111en.<\/li>\n<li>Prikupljene fotografije<br \/>\nFotografije treba poslo\u017eiti redoslijedom kojim \u0107e kasnije biti smje\u0161tene u album. Fotografije trebaju biti u .jpg slikovnom formatu i po mogu\u0107nosti ure\u0111ene svjetlom i bojom.<\/li>\n<li>Imate li drugih materijala za izlo\u017eiti? Kontaktirajte nas za dogovor.<\/li>\n<\/ul>\n<p><strong>\u017delite da vam napi\u0161emo i uredimo tekst?  <\/strong><\/p>\n<p>Napi\u0161ite sve va\u017ene podatke o umrloj osobi kratkim informativnim re\u010denicama, to\u010dkama. Kao pomo\u0107 i ideju pripremili smo nekoliko smjernica koje mo\u017eete prona\u0107i u nastavku.<\/p>\n\t\t<\/div>\n\t\t[\/vc_column][\/vc_row][vc_row][vc_column][vc_empty_space height=&#8221;50px&#8221; woodmart_hide_large=&#8221;0&#8243; woodmart_hide_medium=&#8221;0&#8243; woodmart_hide_small=&#8221;0&#8243;][\/vc_column][\/vc_row][vc_row][vc_column][vc_custom_heading text=&#8221;Savjeti i preporuke&#8221; font_container=&#8221;tag:h2|font_size:48|text_align:left&#8221; use_theme_fonts=&#8221;yes&#8221; css=&#8221;&#8221;][\/vc_column][\/vc_row][vc_row][vc_column][vc_empty_space woodmart_hide_large=&#8221;0&#8243; woodmart_hide_medium=&#8221;0&#8243; woodmart_hide_small=&#8221;0&#8243;][\/vc_column][\/vc_row][vc_row][vc_column]\t\t<div id=\"wd-662e1433cf132\" class=\"wd-text-block wd-wpb reset-last-child wd-rs-662e1433cf132 text-left wd-fontsize-m \">\n\t\t\t<ol>\n<li><strong>Ime i prezime<\/strong> : Po\u010dnite s punim imenom i prezimenom preminulog.<\/li>\n<li><strong>Datum ro\u0111enja i smrti<\/strong> : Navedite datume ro\u0111enja i smrti pokojnika.<\/li>\n<li><strong>Mjesto ro\u0111enja i smrti<\/strong> : Opi\u0161ite gdje je pokojnik ro\u0111en i gdje je umro.<\/li>\n<li><strong>Obitelj<\/strong> : Navedite pre\u017eivjele \u010dlanove obitelji kao \u0161to su supru\u017enik, djeca, unuci itd.<\/li>\n<li><strong>Zanimanje i postignu\u0107a<\/strong> : Navedite pokojnikova profesionalna postignu\u0107a i doprinose va\u0161oj karijeri ili zajednici.<\/li>\n<li><strong>Hobiji i interesi<\/strong> : Opi\u0161ite hobije, aktivnosti ili interese koji su bili va\u017eni preminulom.<\/li>\n<li><strong>Va\u017ene prekretnice<\/strong> : Uklju\u010dite va\u017ene doga\u0111aje ili prekretnice u \u017eivotu pokojnika, kao \u0161to su vjen\u010danja, ro\u0111enja djece, radna postignu\u0107a itd.<\/li>\n<li><strong>Naslje\u0111e<\/strong> : Opi\u0161ite kako su preminuli utjecali na \u017eivote drugih i kakvu su nasljedstvo ostavili za sobom.<\/li>\n<li><strong>Informacije o pogrebu<\/strong> : ako su dostupne, uklju\u010dite informacije o pogrebu ili spomen doga\u0111aju.<\/li>\n<\/ol>\n\t\t<\/div>\n\t\t\t\t<div id=\"wd-662e14ceb0b70\" class=\"wd-text-block wd-wpb reset-last-child wd-rs-662e14ceb0b70 text-left wd-fontsize-m \">\n\t\t\t<ol start=\"10\">\n<li><strong>Obrazovanje<\/strong> : Navedite \u0161kole, sveu\u010dili\u0161ta ili druge obrazovne ustanove koje je preminuli poha\u0111ao i sva postignu\u0107a ili diplome.<\/li>\n<li><strong>Vjerska pripadnost<\/strong> : Ako je religijska vjera bila va\u017ena u \u017eivotu pokojnika, mo\u017eete spomenuti vjersku pripadnost ili doprinose crkvi ili vjerskim zajednicama.<\/li>\n<li><strong>Doprinosi zajednice<\/strong> : Istaknite kako je preminuli pridonio lokalnoj zajednici ili humanitarnim aktivnostima.<\/li>\n<li><strong>Posebne kvalitete ili osobne karakteristike<\/strong> : Opi\u0161ite posebne kvalitete koje su bile karakteristi\u010dne za preminulog, kao \u0161to su toplina, znati\u017eelja, humor itd.<\/li>\n<li><strong>Nagrade i priznanja<\/strong> : Ako je preminuli dobio bilo kakvu nagradu ili priznanje za svoj rad ili aktivnosti, uklju\u010dite ih.<\/li>\n<li><strong>Odnos s prijateljima i kolegama<\/strong> : Recite o odnosu pokojnika s prijateljima, kolegama i drugima koji su bili dio njegova \u017eivota.<\/li>\n<li><strong>Draga sje\u0107anja<\/strong> : Podijelite draga sje\u0107anja na preminule osobe koje su podijelili s njima najbli\u017eima.<\/li>\n<li><strong>Filantropija<\/strong> : Ako je preminuli bio aktivan u dobrotvornim organizacijama ili je bio filantrop, spomenite njegov rad u tom smjeru.<\/li>\n<li><strong>Posebne \u017eelje za spomen<\/strong> : Ako obitelj ili pokojnik ima posebne \u017eelje za spomen ili donacije u spomen na njega, uklju\u010dite to u osmrtnicu.<\/li>\n<\/ol>\n\t\t<\/div>\n\t\t\t\t<div id=\"wd-662e157c7ddfb\" class=\"wd-text-block wd-wpb reset-last-child wd-rs-662e157c7ddfb text-left wd-fontsize-m \">\n\t\t\t<ol start=\"19\">\n<li><strong>Dru\u0161tveni \u017eivot<\/strong> : Opi\u0161ite kako je preminuli volio provoditi vrijeme s prijateljima, obiteljskim ili dru\u0161tvenim aktivnostima.<\/li>\n<li><strong>Kulturni doprinosi<\/strong> : Ako je preminuli bio aktivan u umjetnosti, glazbi, knji\u017eevnosti ili drugim kulturnim aktivnostima, uklju\u010dite to u osmrtnicu.<\/li>\n<li><strong>Stavovi i uvjerenja<\/strong> : Ako je preminuli imao \u010dvrste stavove ili uvjerenja o odre\u0111enim pitanjima koja su mu bila va\u017ena, mo\u017eete ih podijeliti.<\/li>\n<li><strong>Reakcije i sje\u0107anja drugih<\/strong> : Uklju\u010dite citate ili sje\u0107anja drugih ljudi koji su podijelili svoja razmi\u0161ljanja o preminulima.<\/li>\n<li><strong>Va\u017ene rute ili putovanja<\/strong> : Ako je pokojnik bio strastveni putnik ili je imao posebne rute koje su obilje\u017eile njegov \u017eivot, mo\u017eete ih spomenuti.<\/li>\n<li><strong>Briga za okoli\u0161 ili \u017eivotinje<\/strong> : Ako je pokojnik bio strastveni zagovornik za\u0161tite okoli\u0161a ili prava \u017eivotinja, uklju\u010dite to u osmrtnicu.<\/li>\n<li><strong>Zanimljive anegdote<\/strong> : Podijelite zanimljive ili smije\u0161ne anegdote iz \u017eivota pokojnika koje su podijelili sa svojim voljenima.<\/li>\n<\/ol>\n\t\t<\/div>\n\t\t[\/vc_column][\/vc_row][vc_row][vc_column]\t\t\t<div class=\"info-box-wrapper\">\n\t\t\t\t<div id=\"wd-6633711d0877d\" class=\" wd-rs-6633711d0877d wd-info-box wd-wpb text-left box-icon-align-left box-style-border color-scheme-light wd-bg-none wd-items-top with-btn box-btn-hover \">\n\t\t\t\t\t\t\t\t\t\t<div class=\"info-box-content\">\n\t\t\t\t\t\t<h2 class=\"info-box-title title box-title-style-default wd-fontsize-xl\">PRIJENOS PODATAKA<\/h2>\t\t\t\t\t\t<div class=\"info-box-inner reset-last-child\"><p>Po\u0161aljite nam tekst u WORD ili PDF formatu. Fotografije trebaju biti u .jpg slikovnom formatu. Ako ste spremni, kliknite donju poveznicu za preuzimanje.<\/p>\n<\/div>\n\n\t\t\t\t\t\t<div class=\"info-btn-wrapper\"><div id=\"wd-69f21c8386503\" class=\"  wd-button-wrapper text-left\"><a href=\"https:\/\/prenos.wetransfer.com\/\" title=\"Prijenos podataka\" target=\"_blank\" class=\"btn btn-color-black btn-style-default btn-shape-rectangle btn-size-default\">PRIJENOS PODATAKA<\/a><\/div><\/div>\t\t\t\t\t<\/div>\n\n\t\t\t\t\t\n\t\t\t\t\t\t\t\t\t<\/div>\n\t\t\t<\/div>\n\t\t[\/vc_column][\/vc_row]<\/p>\n<\/div>","protected":false},"excerpt":{"rendered":"<p>[vc_row][vc_column][vc_custom_heading text=&#8221;SAVJETI I PREPORUKE&#8221; font_container=&#8221;tag:h2|font_size:48|text_align:left&#8221; use_theme_fonts=&#8221;yes&#8221; css=&#8221;&#8221;][vc_column_text css=&#8221;&#8221; woodmart_inline=&#8221;no&#8221; text_larger=&#8221;no&#8221;]Kako bismo trebali krenuti s pripremom? Neki savjeti i preporuke za<\/p>\n","protected":false},"author":1,"featured_media":1083,"parent":0,"menu_order":0,"comment_status":"closed","ping_status":"closed","template":"","meta":{"footnotes":""},"yoast_head":"<!-- This site is optimized with the Yoast SEO Premium plugin v23.5 (Yoast SEO v24.5) - https:\/\/yoast.com\/wordpress\/plugins\/seo\/ -->\n<title>Savjeti i preporuke za pripremu tekstova, fotografija i materijala - in memoriam<\/title>\n<meta name=\"description\" content=\"Savjeti i preporuke za pripremu tekstova, fotografija i materijala. Prona\u0111ite korisne savjete za stvaranje kvalitetnog sadr\u017eaja.\" \/>\n<meta name=\"robots\" content=\"index, follow, max-snippet:-1, max-image-preview:large, max-video-preview:-1\" \/>\n<link rel=\"canonical\" href=\"https:\/\/in-memoriam.si\/hr\/preporuke\/\" \/>\n<meta property=\"og:locale\" content=\"hr_HR\" \/>\n<meta property=\"og:type\" content=\"article\" \/>\n<meta property=\"og:title\" content=\"PREPORUKE\" \/>\n<meta property=\"og:description\" content=\"Savjeti i preporuke za pripremu tekstova, fotografija i materijala. Prona\u0111ite korisne savjete za stvaranje kvalitetnog sadr\u017eaja.\" \/>\n<meta property=\"og:url\" content=\"https:\/\/in-memoriam.si\/hr\/preporuke\/\" \/>\n<meta property=\"og:site_name\" content=\"in memoriam\" \/>\n<meta property=\"article:publisher\" content=\"https:\/\/www.facebook.com\/FotoSimonka\" \/>\n<meta property=\"article:modified_time\" content=\"2024-05-28T19:37:27+00:00\" \/>\n<meta property=\"og:image\" content=\"https:\/\/in-memoriam.si\/wp-content\/uploads\/2024\/05\/inmemo-card2.webp\" \/>\n\t<meta property=\"og:image:width\" content=\"1000\" \/>\n\t<meta property=\"og:image:height\" content=\"854\" \/>\n\t<meta property=\"og:image:type\" content=\"image\/webp\" \/>\n<meta name=\"twitter:card\" content=\"summary_large_image\" \/>\n<meta name=\"twitter:label1\" content=\"Procijenjeno vrijeme \u010ditanja\" \/>\n\t<meta name=\"twitter:data1\" content=\"8 minuta\" \/>\n<script type=\"application\/ld+json\" class=\"yoast-schema-graph\">{\"@context\":\"https:\/\/schema.org\",\"@graph\":[{\"@type\":\"WebPage\",\"@id\":\"https:\/\/in-memoriam.si\/hr\/preporuke\/\",\"url\":\"https:\/\/in-memoriam.si\/hr\/preporuke\/\",\"name\":\"Savjeti i preporuke za pripremu tekstova, fotografija i materijala - in memoriam\",\"isPartOf\":{\"@id\":\"https:\/\/in-memoriam.si\/hr\/#website\"},\"primaryImageOfPage\":{\"@id\":\"https:\/\/in-memoriam.si\/hr\/preporuke\/#primaryimage\"},\"image\":{\"@id\":\"https:\/\/in-memoriam.si\/hr\/preporuke\/#primaryimage\"},\"thumbnailUrl\":\"https:\/\/in-memoriam.si\/wp-content\/uploads\/2024\/05\/inmemo-card2.webp\",\"datePublished\":\"2024-04-28T09:41:32+00:00\",\"dateModified\":\"2024-05-28T19:37:27+00:00\",\"description\":\"Savjeti i preporuke za pripremu tekstova, fotografija i materijala. Prona\u0111ite korisne savjete za stvaranje kvalitetnog sadr\u017eaja.\",\"breadcrumb\":{\"@id\":\"https:\/\/in-memoriam.si\/hr\/preporuke\/#breadcrumb\"},\"inLanguage\":\"hr\",\"potentialAction\":[{\"@type\":\"ReadAction\",\"target\":[\"https:\/\/in-memoriam.si\/hr\/preporuke\/\"]}]},{\"@type\":\"ImageObject\",\"inLanguage\":\"hr\",\"@id\":\"https:\/\/in-memoriam.si\/hr\/preporuke\/#primaryimage\",\"url\":\"https:\/\/in-memoriam.si\/wp-content\/uploads\/2024\/05\/inmemo-card2.webp\",\"contentUrl\":\"https:\/\/in-memoriam.si\/wp-content\/uploads\/2024\/05\/inmemo-card2.webp\",\"width\":1000,\"height\":854},{\"@type\":\"BreadcrumbList\",\"@id\":\"https:\/\/in-memoriam.si\/hr\/preporuke\/#breadcrumb\",\"itemListElement\":[{\"@type\":\"ListItem\",\"position\":1,\"name\":\"Home\",\"item\":\"https:\/\/in-memoriam.si\/hr\/in-memoriam\/\"},{\"@type\":\"ListItem\",\"position\":2,\"name\":\"PREPORUKE\"}]},{\"@type\":\"WebSite\",\"@id\":\"https:\/\/in-memoriam.si\/hr\/#website\",\"url\":\"https:\/\/in-memoriam.si\/hr\/\",\"name\":\"in memoriam - v spomin\",\"description\":\"spomini na na&scaron;e drage pokojne\",\"publisher\":{\"@id\":\"https:\/\/in-memoriam.si\/hr\/#organization\"},\"alternateName\":\"Plo\u0161\u010dice s QR kodo\",\"potentialAction\":[{\"@type\":\"SearchAction\",\"target\":{\"@type\":\"EntryPoint\",\"urlTemplate\":\"https:\/\/in-memoriam.si\/hr\/?s={search_term_string}\"},\"query-input\":{\"@type\":\"PropertyValueSpecification\",\"valueRequired\":true,\"valueName\":\"search_term_string\"}}],\"inLanguage\":\"hr\"},{\"@type\":\"Organization\",\"@id\":\"https:\/\/in-memoriam.si\/hr\/#organization\",\"name\":\"in memoriam\",\"url\":\"https:\/\/in-memoriam.si\/hr\/\",\"logo\":{\"@type\":\"ImageObject\",\"inLanguage\":\"hr\",\"@id\":\"https:\/\/in-memoriam.si\/hr\/#\/schema\/logo\/image\/\",\"url\":\"https:\/\/in-memoriam.si\/wp-content\/uploads\/2024\/04\/inmemoriam-web-logo.webp\",\"contentUrl\":\"https:\/\/in-memoriam.si\/wp-content\/uploads\/2024\/04\/inmemoriam-web-logo.webp\",\"width\":300,\"height\":50,\"caption\":\"in memoriam\"},\"image\":{\"@id\":\"https:\/\/in-memoriam.si\/hr\/#\/schema\/logo\/image\/\"},\"sameAs\":[\"https:\/\/www.facebook.com\/FotoSimonka\"]}]}<\/script>\n<!-- \/ Yoast SEO Premium plugin. -->","yoast_head_json":{"title":"Savjeti i preporuke za pripremu tekstova, fotografija i materijala - in memoriam","description":"Savjeti i preporuke za pripremu tekstova, fotografija i materijala. Prona\u0111ite korisne savjete za stvaranje kvalitetnog sadr\u017eaja.","robots":{"index":"index","follow":"follow","max-snippet":"max-snippet:-1","max-image-preview":"max-image-preview:large","max-video-preview":"max-video-preview:-1"},"canonical":"https:\/\/in-memoriam.si\/hr\/preporuke\/","og_locale":"hr_HR","og_type":"article","og_title":"PREPORUKE","og_description":"Savjeti i preporuke za pripremu tekstova, fotografija i materijala. Prona\u0111ite korisne savjete za stvaranje kvalitetnog sadr\u017eaja.","og_url":"https:\/\/in-memoriam.si\/hr\/preporuke\/","og_site_name":"in memoriam","article_publisher":"https:\/\/www.facebook.com\/FotoSimonka","article_modified_time":"2024-05-28T19:37:27+00:00","og_image":[{"width":1000,"height":854,"url":"https:\/\/in-memoriam.si\/wp-content\/uploads\/2024\/05\/inmemo-card2.webp","type":"image\/webp"}],"twitter_card":"summary_large_image","twitter_misc":{"Procijenjeno vrijeme \u010ditanja":"8 minuta"},"schema":{"@context":"https:\/\/schema.org","@graph":[{"@type":"WebPage","@id":"https:\/\/in-memoriam.si\/hr\/preporuke\/","url":"https:\/\/in-memoriam.si\/hr\/preporuke\/","name":"Savjeti i preporuke za pripremu tekstova, fotografija i materijala - in memoriam","isPartOf":{"@id":"https:\/\/in-memoriam.si\/hr\/#website"},"primaryImageOfPage":{"@id":"https:\/\/in-memoriam.si\/hr\/preporuke\/#primaryimage"},"image":{"@id":"https:\/\/in-memoriam.si\/hr\/preporuke\/#primaryimage"},"thumbnailUrl":"https:\/\/in-memoriam.si\/wp-content\/uploads\/2024\/05\/inmemo-card2.webp","datePublished":"2024-04-28T09:41:32+00:00","dateModified":"2024-05-28T19:37:27+00:00","description":"Savjeti i preporuke za pripremu tekstova, fotografija i materijala. Prona\u0111ite korisne savjete za stvaranje kvalitetnog sadr\u017eaja.","breadcrumb":{"@id":"https:\/\/in-memoriam.si\/hr\/preporuke\/#breadcrumb"},"inLanguage":"hr","potentialAction":[{"@type":"ReadAction","target":["https:\/\/in-memoriam.si\/hr\/preporuke\/"]}]},{"@type":"ImageObject","inLanguage":"hr","@id":"https:\/\/in-memoriam.si\/hr\/preporuke\/#primaryimage","url":"https:\/\/in-memoriam.si\/wp-content\/uploads\/2024\/05\/inmemo-card2.webp","contentUrl":"https:\/\/in-memoriam.si\/wp-content\/uploads\/2024\/05\/inmemo-card2.webp","width":1000,"height":854},{"@type":"BreadcrumbList","@id":"https:\/\/in-memoriam.si\/hr\/preporuke\/#breadcrumb","itemListElement":[{"@type":"ListItem","position":1,"name":"Home","item":"https:\/\/in-memoriam.si\/hr\/in-memoriam\/"},{"@type":"ListItem","position":2,"name":"PREPORUKE"}]},{"@type":"WebSite","@id":"https:\/\/in-memoriam.si\/hr\/#website","url":"https:\/\/in-memoriam.si\/hr\/","name":"in memoriam - v spomin","description":"spomini na na&scaron;e drage pokojne","publisher":{"@id":"https:\/\/in-memoriam.si\/hr\/#organization"},"alternateName":"Plo\u0161\u010dice s QR kodo","potentialAction":[{"@type":"SearchAction","target":{"@type":"EntryPoint","urlTemplate":"https:\/\/in-memoriam.si\/hr\/?s={search_term_string}"},"query-input":{"@type":"PropertyValueSpecification","valueRequired":true,"valueName":"search_term_string"}}],"inLanguage":"hr"},{"@type":"Organization","@id":"https:\/\/in-memoriam.si\/hr\/#organization","name":"in memoriam","url":"https:\/\/in-memoriam.si\/hr\/","logo":{"@type":"ImageObject","inLanguage":"hr","@id":"https:\/\/in-memoriam.si\/hr\/#\/schema\/logo\/image\/","url":"https:\/\/in-memoriam.si\/wp-content\/uploads\/2024\/04\/inmemoriam-web-logo.webp","contentUrl":"https:\/\/in-memoriam.si\/wp-content\/uploads\/2024\/04\/inmemoriam-web-logo.webp","width":300,"height":50,"caption":"in memoriam"},"image":{"@id":"https:\/\/in-memoriam.si\/hr\/#\/schema\/logo\/image\/"},"sameAs":["https:\/\/www.facebook.com\/FotoSimonka"]}]}},"_links":{"self":[{"href":"https:\/\/in-memoriam.si\/hr\/wp-json\/wp\/v2\/pages\/1826"}],"collection":[{"href":"https:\/\/in-memoriam.si\/hr\/wp-json\/wp\/v2\/pages"}],"about":[{"href":"https:\/\/in-memoriam.si\/hr\/wp-json\/wp\/v2\/types\/page"}],"author":[{"embeddable":true,"href":"https:\/\/in-memoriam.si\/hr\/wp-json\/wp\/v2\/users\/1"}],"replies":[{"embeddable":true,"href":"https:\/\/in-memoriam.si\/hr\/wp-json\/wp\/v2\/comments?post=1826"}],"version-history":[{"count":5,"href":"https:\/\/in-memoriam.si\/hr\/wp-json\/wp\/v2\/pages\/1826\/revisions"}],"predecessor-version":[{"id":2665,"href":"https:\/\/in-memoriam.si\/hr\/wp-json\/wp\/v2\/pages\/1826\/revisions\/2665"}],"wp:featuredmedia":[{"embeddable":true,"href":"https:\/\/in-memoriam.si\/hr\/wp-json\/wp\/v2\/media\/1083"}],"wp:attachment":[{"href":"https:\/\/in-memoriam.si\/hr\/wp-json\/wp\/v2\/media?parent=1826"}],"curies":[{"name":"wp","href":"https:\/\/api.w.org\/{rel}","templated":true}]}}