{"id":2091,"date":"2024-04-13T13:48:32","date_gmt":"2024-04-13T13:48:32","guid":{"rendered":"https:\/\/in-memoriam.si\/20240408-2\/"},"modified":"2024-05-11T21:25:02","modified_gmt":"2024-05-11T21:25:02","slug":"20240408-2","status":"publish","type":"page","link":"https:\/\/in-memoriam.si\/hu\/20240408-2\/","title":{"rendered":"20240408"},"content":{"rendered":"<div class=\"wpb-content-wrapper\"><p>[vc_row woodmart_css_id=&#8221;663a5efaddeb8&#8243; responsive_spacing=&#8221;eyJwYXJhbV90eXBlIjoid29vZG1hcnRfcmVzcG9uc2l2ZV9zcGFjaW5nIiwic2VsZWN0b3JfaWQiOiI2NjNhNWVmYWRkZWI4Iiwic2hvcnRjb2RlIjoidmNfcm93IiwiZGF0YSI6eyJ0YWJsZXQiOnt9LCJtb2JpbGUiOnt9fX0=&#8221; mobile_bg_img_hidden=&#8221;no&#8221; tablet_bg_img_hidden=&#8221;no&#8221; woodmart_parallax=&#8221;0&#8243; woodmart_gradient_switch=&#8221;no&#8221; woodmart_box_shadow=&#8221;no&#8221; wd_z_index=&#8221;no&#8221; woodmart_disable_overflow=&#8221;0&#8243; row_reverse_mobile=&#8221;0&#8243; row_reverse_tablet=&#8221;0&#8243;][vc_column woodmart_css_id=&#8221;663a750b17e1a&#8221; parallax_scroll=&#8221;no&#8221; woodmart_sticky_column=&#8221;false&#8221; wd_collapsible_content_switcher=&#8221;no&#8221; wd_column_role_offcanvas_desktop=&#8221;no&#8221; wd_column_role_offcanvas_tablet=&#8221;no&#8221; wd_column_role_offcanvas_mobile=&#8221;no&#8221; wd_column_role_content_desktop=&#8221;no&#8221; wd_column_role_content_tablet=&#8221;no&#8221; wd_column_role_content_mobile=&#8221;no&#8221; mobile_bg_img_hidden=&#8221;no&#8221; tablet_bg_img_hidden=&#8221;no&#8221; woodmart_parallax=&#8221;0&#8243; woodmart_box_shadow=&#8221;no&#8221; responsive_spacing=&#8221;eyJwYXJhbV90eXBlIjoid29vZG1hcnRfcmVzcG9uc2l2ZV9zcGFjaW5nIiwic2VsZWN0b3JfaWQiOiI2NjNhNzUwYjE3ZTFhIiwic2hvcnRjb2RlIjoidmNfY29sdW1uIiwiZGF0YSI6eyJ0YWJsZXQiOnt9LCJtb2JpbGUiOnt9fX0=&#8221; mobile_reset_margin=&#8221;no&#8221; tablet_reset_margin=&#8221;no&#8221; wd_z_index=&#8221;no&#8221;][vc_custom_heading text=&#8221;in memoriam&#8221; font_container=&#8221;tag:h2|font_size:48|text_align:center&#8221; google_fonts=&#8221;font_family:Aguafina%20Script%3Aregular|font_style:400%20regular%3A400%3Anormal&#8221; css=&#8221;&#8221;][\/vc_column][\/vc_row][vc_row woodmart_css_id=&#8221;663a5efaddeb8&#8243; responsive_spacing=&#8221;eyJwYXJhbV90eXBlIjoid29vZG1hcnRfcmVzcG9uc2l2ZV9zcGFjaW5nIiwic2VsZWN0b3JfaWQiOiI2NjNhNWVmYWRkZWI4Iiwic2hvcnRjb2RlIjoidmNfcm93IiwiZGF0YSI6eyJ0YWJsZXQiOnt9LCJtb2JpbGUiOnt9fX0=&#8221; mobile_bg_img_hidden=&#8221;no&#8221; tablet_bg_img_hidden=&#8221;no&#8221; woodmart_parallax=&#8221;0&#8243; woodmart_gradient_switch=&#8221;no&#8221; woodmart_box_shadow=&#8221;no&#8221; wd_z_index=&#8221;no&#8221; woodmart_disable_overflow=&#8221;0&#8243; row_reverse_mobile=&#8221;0&#8243; row_reverse_tablet=&#8221;0&#8243;][vc_column woodmart_css_id=&#8221;663a74e0d96fe&#8221; parallax_scroll=&#8221;no&#8221; woodmart_sticky_column=&#8221;false&#8221; wd_collapsible_content_switcher=&#8221;no&#8221; wd_column_role_offcanvas_desktop=&#8221;no&#8221; wd_column_role_offcanvas_tablet=&#8221;no&#8221; wd_column_role_offcanvas_mobile=&#8221;no&#8221; wd_column_role_content_desktop=&#8221;no&#8221; wd_column_role_content_tablet=&#8221;no&#8221; wd_column_role_content_mobile=&#8221;no&#8221; mobile_bg_img_hidden=&#8221;no&#8221; tablet_bg_img_hidden=&#8221;no&#8221; woodmart_parallax=&#8221;0&#8243; woodmart_box_shadow=&#8221;no&#8221; responsive_spacing=&#8221;eyJwYXJhbV90eXBlIjoid29vZG1hcnRfcmVzcG9uc2l2ZV9zcGFjaW5nIiwic2VsZWN0b3JfaWQiOiI2NjNhNzRlMGQ5NmZlIiwic2hvcnRjb2RlIjoidmNfY29sdW1uIiwiZGF0YSI6eyJ0YWJsZXQiOnt9LCJtb2JpbGUiOnt9fX0=&#8221; mobile_reset_margin=&#8221;no&#8221; tablet_reset_margin=&#8221;no&#8221; wd_z_index=&#8221;no&#8221;]\t\t<div id=\"wd-663a73f3e0dfb\" class=\"wd-image wd-wpb wd-rs-663a73f3e0dfb text-center \">\n\t\t\t\n\t\t\t<img decoding=\"async\" width=\"300\" height=\"300\" src=\"https:\/\/in-memoriam.si\/wp-content\/uploads\/2024\/04\/gospod-x-300x300.webp\" class=\"attachment-300x300 size-300x300\" alt=\"\" srcset=\"https:\/\/in-memoriam.si\/wp-content\/uploads\/2024\/04\/gospod-x-300x300.webp 300w, https:\/\/in-memoriam.si\/wp-content\/uploads\/2024\/04\/gospod-x-600x600.webp 600w, https:\/\/in-memoriam.si\/wp-content\/uploads\/2024\/04\/gospod-x-150x150.webp 150w, https:\/\/in-memoriam.si\/wp-content\/uploads\/2024\/04\/gospod-x-800x800.webp 800w, https:\/\/in-memoriam.si\/wp-content\/uploads\/2024\/04\/gospod-x-768x768.webp 768w, https:\/\/in-memoriam.si\/wp-content\/uploads\/2024\/04\/gospod-x.webp 1000w\" sizes=\"(max-width: 300px) 100vw, 300px\" \/>\n\t\t\t\t\t<\/div>\n\t\t[\/vc_column][\/vc_row][vc_row][vc_column][vc_custom_heading text=&#8221;Marko Pustotnik&#8221; font_container=&#8221;tag:h2|font_size:48|text_align:center&#8221; google_fonts=&#8221;font_family:Aguafina%20Script%3Aregular|font_style:400%20regular%3A400%3Anormal&#8221; css=&#8221;&#8221;][vc_custom_heading text=&#8221;Postojna &#8211; 25. 02. 1936<br \/>\nLjubljana &#8211; 16. 04. 2012&#8243; font_container=&#8221;tag:p|font_size:18|text_align:center&#8221; use_theme_fonts=&#8221;yes&#8221; css=&#8221;&#8221;][vc_empty_space woodmart_hide_large=&#8221;0&#8243; woodmart_hide_medium=&#8221;0&#8243; woodmart_hide_small=&#8221;0&#8243;][\/vc_column][\/vc_row][vc_row woodmart_css_id=&#8221;663a6c7488cdc&#8221; responsive_spacing=&#8221;eyJwYXJhbV90eXBlIjoid29vZG1hcnRfcmVzcG9uc2l2ZV9zcGFjaW5nIiwic2VsZWN0b3JfaWQiOiI2NjNhNmM3NDg4Y2RjIiwic2hvcnRjb2RlIjoidmNfcm93IiwiZGF0YSI6eyJ0YWJsZXQiOnt9LCJtb2JpbGUiOnt9fX0=&#8221; mobile_bg_img_hidden=&#8221;no&#8221; tablet_bg_img_hidden=&#8221;no&#8221; woodmart_parallax=&#8221;0&#8243; woodmart_gradient_switch=&#8221;no&#8221; woodmart_box_shadow=&#8221;no&#8221; wd_z_index=&#8221;no&#8221; woodmart_disable_overflow=&#8221;0&#8243; row_reverse_mobile=&#8221;0&#8243; row_reverse_tablet=&#8221;0&#8243;][vc_column][vc_raw_html css=&#8221;&#8221;]CltzY19lbWJlZF9wbGF5ZXJfdGVtcGxhdGUxIGZpbGV1cmw9Imh0dHBzOi8vaW4tbWVtb3JpYW0uc2kvd3AtY29udGVudC91cGxvYWRzLzIwMjQvMDUvUm9rLm1wMyJd[\/vc_raw_html][\/vc_column][\/vc_row][vc_row][vc_column]\t\t<div id=\"wd-66392fe217333\" class=\"wd-text-block wd-wpb reset-last-child wd-rs-66392fe217333 text-left wd-fontsize-m \">\n\t\t\t<div class=\"flex flex-grow flex-col max-w-full\">\n<div class=\"min-h-[20px] text-message flex flex-col items-start gap-3 whitespace-pre-wrap break-words [.text-message+&amp;]:mt-5 overflow-x-auto\" dir=\"auto\" data-message-author-role=\"assistant\" data-message-id=\"d3981326-f5a5-495e-b7a6-3b3cc64d051c\">\n<div class=\"markdown prose w-full break-words dark:prose-invert light\">\n<p>M\u00e9ly tisztelettel \u00e9s szomor\u00fas\u00e1ggal b\u00facs\u00fazunk Mark Pustotnik \u00fart\u00f3l, aki 2012-ben hunyt el. Hal\u00e1l\u00e1val r\u00e1nk hagyta \u00f6r\u00f6ks\u00e9g\u00e9nek egy r\u00e9sz\u00e9t, \u00e9s egy olyan eml\u00e9ket, amely \u00f6r\u00f6kre megmarad.<\/p>\n<p>Marko 1936-ban sz\u00fcletett egy f\u00f6ldm\u0171ves csal\u00e1dban, a Postojna melletti Sztara Vasban, harmadik gyermekk\u00e9nt. A szer\u00e9ny kezdetekb\u0151l indult el egy olyan \u00fatra, amelyet az elk\u00f6telezetts\u00e9g \u00e9s a kem\u00e9ny munka jellemzett. Sikeresen elv\u00e9gezte az \u00e1ltal\u00e1nos iskol\u00e1t Postojn\u00e1ban, majd \u00fagy d\u00f6nt\u00f6tt, hogy szenved\u00e9ly\u00e9t k\u00f6vetve fodr\u00e1sznak tanul. A ljubljanai fodr\u00e1sz szakiskol\u00e1ban folytatta tanulm\u00e1nyait, ahol maradt, \u00e9s ott \u00e9p\u00edtette fel az \u00e9let\u00e9t.<\/p>\n<p>Iskol\u00e1i elv\u00e9gz\u00e9se ut\u00e1n a ljubljanai \u0160midt fodr\u00e1szszalonban tanonck\u00e9nt csiszolta tud\u00e1s\u00e1t. 1970-ben nagy b\u00e1tors\u00e1ggal \u00e9s el\u0151rel\u00e1t\u00e1ssal megnyitotta saj\u00e1t f\u00e9rfi fodr\u00e1szszalonj\u00e1t, amely olyan hely lett, ahol a sz\u00e9ps\u00e9get \u00e1polt\u00e1k \u00e9s tart\u00f3s k\u00f6tel\u00e9keket kov\u00e1csoltak \u00fcgyfeleihez. Tehets\u00e9g\u00e9vel \u00e9s kedvess\u00e9g\u00e9vel sokak bizalm\u00e1t \u00e9s tisztelet\u00e9t kiv\u00edvta.<\/p>\n<p>Szeretetteljes csal\u00e1dja volt, boldog h\u00e1zass\u00e1gban \u00e9lt feles\u00e9g\u00e9vel, Marin\u00e1val, akivel k\u00e9t gyermek\u00fcket, Vesna l\u00e1nyukat \u00e9s Mark fiukat nevelt\u00e9k fel. A csal\u00e1dja volt a t\u00e1masza \u00e9s az \u00f6r\u00f6me, \u00e9s sok sz\u00e9p pillanatot t\u00f6lt\u00f6ttek egy\u00fctt, amelyek \u00f6r\u00f6kre a sz\u00edv\u00fckbe v\u00e9s\u0151dnek.<\/p>\n<p>Marko Pustotnik nemcsak k\u00e9pzett fodr\u00e1sz volt, hanem szeret\u0151 f\u00e9rj, apa, nagyapa \u00e9s bar\u00e1t is. \u0150szinte kedvess\u00e9g\u00e9vel sokak sz\u00edv\u00e9be hatolt, \u00e9s jelenl\u00e9te m\u00e9lyen fog hi\u00e1nyozni. Kit\u00f6r\u00f6lhetetlen nyomot hagyott \u00e9let\u00fatj\u00e1n, amely mindig is az eml\u00e9keink r\u00e9sze marad.<\/p>\n<p>Nyugodj b\u00e9k\u00e9ben, kedves Marko. Eml\u00e9ked tov\u00e1bb \u00e9l azokban, akik szerett\u00fcnk t\u00e9ged.<\/p>\n<\/div>\n<\/div>\n<\/div>\n\t\t<\/div>\n\t\t[\/vc_column][\/vc_row][vc_row][vc_column]\t\t<div id=\"gallery_172\" class=\"wd-images-gallery wd-wpb wd-rs-663a5bc40ef2b photoswipe-images\" style=\"--wd-justify-content:center;--wd-align-items:center;\">\n\t\t\t\n\t\t\t<div class=\" wd-grid-g\" style=\"--wd-col-lg:3;--wd-col-md:3;--wd-col-sm:1;--wd-gap-lg:6px;\">\n\t\t\t\t\n\t\t\t\t\t\t\t\t\t\t\t\t\t\t\t<div class=\"wd-gallery-item wd-col\">\n\t\t\t\t\t\t\t\t\t\t\t\t\t\t<a href=\"https:\/\/in-memoriam.si\/wp-content\/uploads\/2024\/05\/007.webp\" data-elementor-open-lightbox=\"no\" data-index=\"1\" data-width=\"1000\" data-height=\"1000\" \n\t\t\t\t\t\t\t\t\t\t\t\t\t\t\t\t\t\t\t\t>\n\t\t\t\t\t\t\t\t\n\t\t\t\t\t\t\t\t<img decoding=\"async\" width=\"1000\" height=\"1000\" src=\"https:\/\/in-memoriam.si\/wp-content\/uploads\/2024\/05\/007.webp\" class=\"wd-gallery-image image-1\" alt=\"\" srcset=\"https:\/\/in-memoriam.si\/wp-content\/uploads\/2024\/05\/007.webp 1000w, https:\/\/in-memoriam.si\/wp-content\/uploads\/2024\/05\/007-300x300.webp 300w, https:\/\/in-memoriam.si\/wp-content\/uploads\/2024\/05\/007-150x150.webp 150w, https:\/\/in-memoriam.si\/wp-content\/uploads\/2024\/05\/007-768x768.webp 768w, https:\/\/in-memoriam.si\/wp-content\/uploads\/2024\/05\/007-600x600.webp 600w, https:\/\/in-memoriam.si\/wp-content\/uploads\/2024\/05\/007-800x800.webp 800w\" sizes=\"(max-width: 1000px) 100vw, 1000px\" \/>\n\t\t\t\t\t\t\t\t\t\t\t\t\t\t\t<\/a>\n\t\t\t\t\t\t\t\t\t\t\t\t<\/div>\n\t\t\t\t\t\t\t\t\t\t\t<div class=\"wd-gallery-item wd-col\">\n\t\t\t\t\t\t\t\t\t\t\t\t\t\t<a href=\"https:\/\/in-memoriam.si\/wp-content\/uploads\/2024\/05\/009.webp\" data-elementor-open-lightbox=\"no\" data-index=\"2\" data-width=\"1000\" data-height=\"1000\" \n\t\t\t\t\t\t\t\t\t\t\t\t\t\t\t\t\t\t\t\t>\n\t\t\t\t\t\t\t\t\n\t\t\t\t\t\t\t\t<img decoding=\"async\" width=\"1000\" height=\"1000\" src=\"https:\/\/in-memoriam.si\/wp-content\/uploads\/2024\/05\/009.webp\" class=\"wd-gallery-image image-2\" alt=\"\" srcset=\"https:\/\/in-memoriam.si\/wp-content\/uploads\/2024\/05\/009.webp 1000w, https:\/\/in-memoriam.si\/wp-content\/uploads\/2024\/05\/009-300x300.webp 300w, https:\/\/in-memoriam.si\/wp-content\/uploads\/2024\/05\/009-150x150.webp 150w, https:\/\/in-memoriam.si\/wp-content\/uploads\/2024\/05\/009-768x768.webp 768w, https:\/\/in-memoriam.si\/wp-content\/uploads\/2024\/05\/009-600x600.webp 600w, https:\/\/in-memoriam.si\/wp-content\/uploads\/2024\/05\/009-800x800.webp 800w\" sizes=\"(max-width: 1000px) 100vw, 1000px\" \/>\n\t\t\t\t\t\t\t\t\t\t\t\t\t\t\t<\/a>\n\t\t\t\t\t\t\t\t\t\t\t\t<\/div>\n\t\t\t\t\t\t\t\t\t\t\t<div class=\"wd-gallery-item wd-col\">\n\t\t\t\t\t\t\t\t\t\t\t\t\t\t<a href=\"https:\/\/in-memoriam.si\/wp-content\/uploads\/2024\/05\/001.webp\" data-elementor-open-lightbox=\"no\" data-index=\"3\" data-width=\"1000\" data-height=\"1000\" \n\t\t\t\t\t\t\t\t\t\t\t\t\t\t\t\t\t\t\t\t>\n\t\t\t\t\t\t\t\t\n\t\t\t\t\t\t\t\t<img decoding=\"async\" width=\"1000\" height=\"1000\" src=\"https:\/\/in-memoriam.si\/wp-content\/uploads\/2024\/05\/001.webp\" class=\"wd-gallery-image image-3\" alt=\"\" srcset=\"https:\/\/in-memoriam.si\/wp-content\/uploads\/2024\/05\/001.webp 1000w, https:\/\/in-memoriam.si\/wp-content\/uploads\/2024\/05\/001-300x300.webp 300w, https:\/\/in-memoriam.si\/wp-content\/uploads\/2024\/05\/001-150x150.webp 150w, https:\/\/in-memoriam.si\/wp-content\/uploads\/2024\/05\/001-768x768.webp 768w, https:\/\/in-memoriam.si\/wp-content\/uploads\/2024\/05\/001-600x600.webp 600w, https:\/\/in-memoriam.si\/wp-content\/uploads\/2024\/05\/001-800x800.webp 800w\" sizes=\"(max-width: 1000px) 100vw, 1000px\" \/>\n\t\t\t\t\t\t\t\t\t\t\t\t\t\t\t<\/a>\n\t\t\t\t\t\t\t\t\t\t\t\t<\/div>\n\t\t\t\t\t\t\t\t\t\t\t<div class=\"wd-gallery-item wd-col\">\n\t\t\t\t\t\t\t\t\t\t\t\t\t\t<a href=\"https:\/\/in-memoriam.si\/wp-content\/uploads\/2024\/05\/002.webp\" data-elementor-open-lightbox=\"no\" data-index=\"4\" data-width=\"1000\" data-height=\"1000\" \n\t\t\t\t\t\t\t\t\t\t\t\t\t\t\t\t\t\t\t\t>\n\t\t\t\t\t\t\t\t\n\t\t\t\t\t\t\t\t<img decoding=\"async\" width=\"1000\" height=\"1000\" src=\"https:\/\/in-memoriam.si\/wp-content\/uploads\/2024\/05\/002.webp\" class=\"wd-gallery-image image-4\" alt=\"\" srcset=\"https:\/\/in-memoriam.si\/wp-content\/uploads\/2024\/05\/002.webp 1000w, https:\/\/in-memoriam.si\/wp-content\/uploads\/2024\/05\/002-300x300.webp 300w, https:\/\/in-memoriam.si\/wp-content\/uploads\/2024\/05\/002-150x150.webp 150w, https:\/\/in-memoriam.si\/wp-content\/uploads\/2024\/05\/002-768x768.webp 768w, https:\/\/in-memoriam.si\/wp-content\/uploads\/2024\/05\/002-600x600.webp 600w, https:\/\/in-memoriam.si\/wp-content\/uploads\/2024\/05\/002-800x800.webp 800w\" sizes=\"(max-width: 1000px) 100vw, 1000px\" \/>\n\t\t\t\t\t\t\t\t\t\t\t\t\t\t\t<\/a>\n\t\t\t\t\t\t\t\t\t\t\t\t<\/div>\n\t\t\t\t\t\t\t\t\t\t\t<div class=\"wd-gallery-item wd-col\">\n\t\t\t\t\t\t\t\t\t\t\t\t\t\t<a href=\"https:\/\/in-memoriam.si\/wp-content\/uploads\/2024\/05\/003.webp\" data-elementor-open-lightbox=\"no\" data-index=\"5\" data-width=\"1000\" data-height=\"1000\" \n\t\t\t\t\t\t\t\t\t\t\t\t\t\t\t\t\t\t\t\t>\n\t\t\t\t\t\t\t\t\n\t\t\t\t\t\t\t\t<img decoding=\"async\" width=\"1000\" height=\"1000\" src=\"https:\/\/in-memoriam.si\/wp-content\/uploads\/2024\/05\/003.webp\" class=\"wd-gallery-image image-5\" alt=\"\" srcset=\"https:\/\/in-memoriam.si\/wp-content\/uploads\/2024\/05\/003.webp 1000w, https:\/\/in-memoriam.si\/wp-content\/uploads\/2024\/05\/003-300x300.webp 300w, https:\/\/in-memoriam.si\/wp-content\/uploads\/2024\/05\/003-150x150.webp 150w, https:\/\/in-memoriam.si\/wp-content\/uploads\/2024\/05\/003-768x768.webp 768w, https:\/\/in-memoriam.si\/wp-content\/uploads\/2024\/05\/003-600x600.webp 600w, https:\/\/in-memoriam.si\/wp-content\/uploads\/2024\/05\/003-800x800.webp 800w\" sizes=\"(max-width: 1000px) 100vw, 1000px\" \/>\n\t\t\t\t\t\t\t\t\t\t\t\t\t\t\t<\/a>\n\t\t\t\t\t\t\t\t\t\t\t\t<\/div>\n\t\t\t\t\t\t\t\t\t\t\t<div class=\"wd-gallery-item wd-col\">\n\t\t\t\t\t\t\t\t\t\t\t\t\t\t<a href=\"https:\/\/in-memoriam.si\/wp-content\/uploads\/2024\/05\/004.webp\" data-elementor-open-lightbox=\"no\" data-index=\"6\" data-width=\"1000\" data-height=\"1000\" \n\t\t\t\t\t\t\t\t\t\t\t\t\t\t\t\t\t\t\t\t>\n\t\t\t\t\t\t\t\t\n\t\t\t\t\t\t\t\t<img decoding=\"async\" width=\"1000\" height=\"1000\" src=\"https:\/\/in-memoriam.si\/wp-content\/uploads\/2024\/05\/004.webp\" class=\"wd-gallery-image image-6\" alt=\"\" srcset=\"https:\/\/in-memoriam.si\/wp-content\/uploads\/2024\/05\/004.webp 1000w, https:\/\/in-memoriam.si\/wp-content\/uploads\/2024\/05\/004-300x300.webp 300w, https:\/\/in-memoriam.si\/wp-content\/uploads\/2024\/05\/004-150x150.webp 150w, https:\/\/in-memoriam.si\/wp-content\/uploads\/2024\/05\/004-768x768.webp 768w, https:\/\/in-memoriam.si\/wp-content\/uploads\/2024\/05\/004-600x600.webp 600w, https:\/\/in-memoriam.si\/wp-content\/uploads\/2024\/05\/004-800x800.webp 800w\" sizes=\"(max-width: 1000px) 100vw, 1000px\" \/>\n\t\t\t\t\t\t\t\t\t\t\t\t\t\t\t<\/a>\n\t\t\t\t\t\t\t\t\t\t\t\t<\/div>\n\t\t\t\t\t\t\t\t\t\t\t<div class=\"wd-gallery-item wd-col\">\n\t\t\t\t\t\t\t\t\t\t\t\t\t\t<a href=\"https:\/\/in-memoriam.si\/wp-content\/uploads\/2024\/05\/005.webp\" data-elementor-open-lightbox=\"no\" data-index=\"7\" data-width=\"1000\" data-height=\"1000\" \n\t\t\t\t\t\t\t\t\t\t\t\t\t\t\t\t\t\t\t\t>\n\t\t\t\t\t\t\t\t\n\t\t\t\t\t\t\t\t<img decoding=\"async\" width=\"1000\" height=\"1000\" src=\"https:\/\/in-memoriam.si\/wp-content\/uploads\/2024\/05\/005.webp\" class=\"wd-gallery-image image-7\" alt=\"\" srcset=\"https:\/\/in-memoriam.si\/wp-content\/uploads\/2024\/05\/005.webp 1000w, https:\/\/in-memoriam.si\/wp-content\/uploads\/2024\/05\/005-300x300.webp 300w, https:\/\/in-memoriam.si\/wp-content\/uploads\/2024\/05\/005-150x150.webp 150w, https:\/\/in-memoriam.si\/wp-content\/uploads\/2024\/05\/005-768x768.webp 768w, https:\/\/in-memoriam.si\/wp-content\/uploads\/2024\/05\/005-600x600.webp 600w, https:\/\/in-memoriam.si\/wp-content\/uploads\/2024\/05\/005-800x800.webp 800w\" sizes=\"(max-width: 1000px) 100vw, 1000px\" \/>\n\t\t\t\t\t\t\t\t\t\t\t\t\t\t\t<\/a>\n\t\t\t\t\t\t\t\t\t\t\t\t<\/div>\n\t\t\t\t\t\t\t\t\t\t\t<div class=\"wd-gallery-item wd-col\">\n\t\t\t\t\t\t\t\t\t\t\t\t\t\t<a href=\"https:\/\/in-memoriam.si\/wp-content\/uploads\/2024\/05\/006.webp\" data-elementor-open-lightbox=\"no\" data-index=\"8\" data-width=\"1000\" data-height=\"1000\" \n\t\t\t\t\t\t\t\t\t\t\t\t\t\t\t\t\t\t\t\t>\n\t\t\t\t\t\t\t\t\n\t\t\t\t\t\t\t\t<img decoding=\"async\" width=\"1000\" height=\"1000\" src=\"https:\/\/in-memoriam.si\/wp-content\/uploads\/2024\/05\/006.webp\" class=\"wd-gallery-image image-8\" alt=\"\" srcset=\"https:\/\/in-memoriam.si\/wp-content\/uploads\/2024\/05\/006.webp 1000w, https:\/\/in-memoriam.si\/wp-content\/uploads\/2024\/05\/006-300x300.webp 300w, https:\/\/in-memoriam.si\/wp-content\/uploads\/2024\/05\/006-150x150.webp 150w, https:\/\/in-memoriam.si\/wp-content\/uploads\/2024\/05\/006-768x768.webp 768w, https:\/\/in-memoriam.si\/wp-content\/uploads\/2024\/05\/006-600x600.webp 600w, https:\/\/in-memoriam.si\/wp-content\/uploads\/2024\/05\/006-800x800.webp 800w\" sizes=\"(max-width: 1000px) 100vw, 1000px\" \/>\n\t\t\t\t\t\t\t\t\t\t\t\t\t\t\t<\/a>\n\t\t\t\t\t\t\t\t\t\t\t\t<\/div>\n\t\t\t\t\t\t\t\t\t\t\t<div class=\"wd-gallery-item wd-col\">\n\t\t\t\t\t\t\t\t\t\t\t\t\t\t<a href=\"https:\/\/in-memoriam.si\/wp-content\/uploads\/2024\/05\/008.webp\" data-elementor-open-lightbox=\"no\" data-index=\"9\" data-width=\"1000\" data-height=\"1000\" \n\t\t\t\t\t\t\t\t\t\t\t\t\t\t\t\t\t\t\t\t>\n\t\t\t\t\t\t\t\t\n\t\t\t\t\t\t\t\t<img decoding=\"async\" width=\"1000\" height=\"1000\" src=\"https:\/\/in-memoriam.si\/wp-content\/uploads\/2024\/05\/008.webp\" class=\"wd-gallery-image image-9\" alt=\"\" srcset=\"https:\/\/in-memoriam.si\/wp-content\/uploads\/2024\/05\/008.webp 1000w, https:\/\/in-memoriam.si\/wp-content\/uploads\/2024\/05\/008-300x300.webp 300w, https:\/\/in-memoriam.si\/wp-content\/uploads\/2024\/05\/008-150x150.webp 150w, https:\/\/in-memoriam.si\/wp-content\/uploads\/2024\/05\/008-768x768.webp 768w, https:\/\/in-memoriam.si\/wp-content\/uploads\/2024\/05\/008-600x600.webp 600w, https:\/\/in-memoriam.si\/wp-content\/uploads\/2024\/05\/008-800x800.webp 800w\" sizes=\"(max-width: 1000px) 100vw, 1000px\" \/>\n\t\t\t\t\t\t\t\t\t\t\t\t\t\t\t<\/a>\n\t\t\t\t\t\t\t\t\t\t\t\t<\/div>\n\t\t\t\t\t\t\t\t\t\n\t\t\t\t\t\t\t<\/div>\n\n\t\t\t\t\t<\/div>\n\t\t[\/vc_column][\/vc_row][vc_row][vc_column]\t\t<div id=\"wd-663a6eefbe725\" class=\"wd-text-block wd-wpb reset-last-child wd-rs-663a6eefbe725 text-left wd-fontsize-s \">\n\t\t\t<p style=\"text-align: center;\">Ez az oldal csak bemutat\u00f3 c\u00e9lokat szolg\u00e1l. B\u00e1rmilyen hasonl\u00f3s\u00e1g m\u00e1s tartalmakkal vagy szem\u00e9lyekkel puszt\u00e1n v\u00e9letlenszer\u0171.<\/p>\n<p style=\"text-align: center;\">fot\u00f3k: unsplash.com<br \/>\nAi olvas\u00f3 \u00e1ltal k\u00e9sz\u00edtett hangfelv\u00e9tel<br \/>\nAi \u00edr\u00f3 sz\u00f6vege<\/p>\n\t\t<\/div>\n\t\t[\/vc_column][\/vc_row]<\/p>\n<\/div>","protected":false},"excerpt":{"rendered":"<p>[vc_row woodmart_css_id=&#8221;663a5efaddeb8&#8243; responsive_spacing=&#8221;eyJwYXJhbV90eXBlIjoid29vZG1hcnRfcmVzcG9uc2l2ZV9zcGFjaW5nIiwic2VsZWN0b3JfaWQiOiI2NjNhNWVmYWRkZWI4Iiwic2hvcnRjb2RlIjoidmNfcm93IiwiZGF0YSI6eyJ0YWJsZXQiOnt9LCJtb2JpbGUiOnt9fX0=&#8221; mobile_bg_img_hidden=&#8221;no&#8221; tablet_bg_img_hidden=&#8221;no&#8221; woodmart_parallax=&#8221;0&#8243; woodmart_gradient_switch=&#8221;no&#8221; woodmart_box_shadow=&#8221;no&#8221; wd_z_index=&#8221;no&#8221; woodmart_disable_overflow=&#8221;0&#8243; row_reverse_mobile=&#8221;0&#8243; row_reverse_tablet=&#8221;0&#8243;][vc_column woodmart_css_id=&#8221;663a750b17e1a&#8221; parallax_scroll=&#8221;no&#8221; woodmart_sticky_column=&#8221;false&#8221; wd_collapsible_content_switcher=&#8221;no&#8221; wd_column_role_offcanvas_desktop=&#8221;no&#8221; wd_column_role_offcanvas_tablet=&#8221;no&#8221; wd_column_role_offcanvas_mobile=&#8221;no&#8221; wd_column_role_content_desktop=&#8221;no&#8221;<\/p>\n","protected":false},"author":1,"featured_media":2458,"parent":0,"menu_order":0,"comment_status":"closed","ping_status":"closed","template":"","meta":{"footnotes":""},"yoast_head":"<!-- This site is optimized with the Yoast SEO Premium plugin v23.5 (Yoast SEO v24.5) - https:\/\/yoast.com\/wordpress\/plugins\/seo\/ -->\n<title>20240408 - in memoriam<\/title>\n<meta name=\"robots\" content=\"index, follow, max-snippet:-1, max-image-preview:large, max-video-preview:-1\" \/>\n<link rel=\"canonical\" href=\"https:\/\/in-memoriam.si\/hu\/20240408-2\/\" \/>\n<meta property=\"og:locale\" content=\"hu_HU\" \/>\n<meta property=\"og:type\" content=\"article\" \/>\n<meta property=\"og:title\" content=\"20240408\" \/>\n<meta property=\"og:description\" content=\"[vc_row woodmart_css_id=&#8221;663a5efaddeb8&#8243; responsive_spacing=&#8221;eyJwYXJhbV90eXBlIjoid29vZG1hcnRfcmVzcG9uc2l2ZV9zcGFjaW5nIiwic2VsZWN0b3JfaWQiOiI2NjNhNWVmYWRkZWI4Iiwic2hvcnRjb2RlIjoidmNfcm93IiwiZGF0YSI6eyJ0YWJsZXQiOnt9LCJtb2JpbGUiOnt9fX0=&#8221; mobile_bg_img_hidden=&#8221;no&#8221; tablet_bg_img_hidden=&#8221;no&#8221; woodmart_parallax=&#8221;0&#8243; woodmart_gradient_switch=&#8221;no&#8221; woodmart_box_shadow=&#8221;no&#8221; wd_z_index=&#8221;no&#8221; woodmart_disable_overflow=&#8221;0&#8243; row_reverse_mobile=&#8221;0&#8243; row_reverse_tablet=&#8221;0&#8243;][vc_column woodmart_css_id=&#8221;663a750b17e1a&#8221; parallax_scroll=&#8221;no&#8221; woodmart_sticky_column=&#8221;false&#8221; wd_collapsible_content_switcher=&#8221;no&#8221; wd_column_role_offcanvas_desktop=&#8221;no&#8221; wd_column_role_offcanvas_tablet=&#8221;no&#8221; wd_column_role_offcanvas_mobile=&#8221;no&#8221; wd_column_role_content_desktop=&#8221;no&#8221;\" \/>\n<meta property=\"og:url\" content=\"https:\/\/in-memoriam.si\/hu\/20240408-2\/\" \/>\n<meta property=\"og:site_name\" content=\"in memoriam\" \/>\n<meta property=\"article:publisher\" content=\"https:\/\/www.facebook.com\/FotoSimonka\" \/>\n<meta property=\"article:modified_time\" content=\"2024-05-11T21:25:02+00:00\" \/>\n<meta property=\"og:image\" content=\"https:\/\/in-memoriam.si\/wp-content\/uploads\/2024\/05\/inmemoriam-014.webp\" \/>\n\t<meta property=\"og:image:width\" content=\"2200\" \/>\n\t<meta property=\"og:image:height\" content=\"1257\" \/>\n\t<meta property=\"og:image:type\" content=\"image\/webp\" \/>\n<meta name=\"twitter:card\" content=\"summary_large_image\" \/>\n<meta name=\"twitter:label1\" content=\"Becs\u00fclt olvas\u00e1si id\u0151\" \/>\n\t<meta name=\"twitter:data1\" content=\"6 perc\" \/>\n<script type=\"application\/ld+json\" class=\"yoast-schema-graph\">{\"@context\":\"https:\/\/schema.org\",\"@graph\":[{\"@type\":\"WebPage\",\"@id\":\"https:\/\/in-memoriam.si\/hu\/20240408-2\/\",\"url\":\"https:\/\/in-memoriam.si\/hu\/20240408-2\/\",\"name\":\"20240408 - in memoriam\",\"isPartOf\":{\"@id\":\"https:\/\/in-memoriam.si\/hu\/#website\"},\"primaryImageOfPage\":{\"@id\":\"https:\/\/in-memoriam.si\/hu\/20240408-2\/#primaryimage\"},\"image\":{\"@id\":\"https:\/\/in-memoriam.si\/hu\/20240408-2\/#primaryimage\"},\"thumbnailUrl\":\"https:\/\/in-memoriam.si\/wp-content\/uploads\/2024\/05\/QR-BEDGE.png\",\"datePublished\":\"2024-04-13T13:48:32+00:00\",\"dateModified\":\"2024-05-11T21:25:02+00:00\",\"breadcrumb\":{\"@id\":\"https:\/\/in-memoriam.si\/hu\/20240408-2\/#breadcrumb\"},\"inLanguage\":\"hu\",\"potentialAction\":[{\"@type\":\"ReadAction\",\"target\":[\"https:\/\/in-memoriam.si\/hu\/20240408-2\/\"]}]},{\"@type\":\"ImageObject\",\"inLanguage\":\"hu\",\"@id\":\"https:\/\/in-memoriam.si\/hu\/20240408-2\/#primaryimage\",\"url\":\"https:\/\/in-memoriam.si\/wp-content\/uploads\/2024\/05\/QR-BEDGE.png\",\"contentUrl\":\"https:\/\/in-memoriam.si\/wp-content\/uploads\/2024\/05\/QR-BEDGE.png\",\"width\":200,\"height\":200},{\"@type\":\"BreadcrumbList\",\"@id\":\"https:\/\/in-memoriam.si\/hu\/20240408-2\/#breadcrumb\",\"itemListElement\":[{\"@type\":\"ListItem\",\"position\":1,\"name\":\"Home\",\"item\":\"https:\/\/in-memoriam.si\/hu\/in-memoriam\/\"},{\"@type\":\"ListItem\",\"position\":2,\"name\":\"20240408\"}]},{\"@type\":\"WebSite\",\"@id\":\"https:\/\/in-memoriam.si\/hu\/#website\",\"url\":\"https:\/\/in-memoriam.si\/hu\/\",\"name\":\"in memoriam - v spomin\",\"description\":\"spomini na na&scaron;e drage pokojne\",\"publisher\":{\"@id\":\"https:\/\/in-memoriam.si\/hu\/#organization\"},\"alternateName\":\"Plo\u0161\u010dice s QR kodo\",\"potentialAction\":[{\"@type\":\"SearchAction\",\"target\":{\"@type\":\"EntryPoint\",\"urlTemplate\":\"https:\/\/in-memoriam.si\/hu\/?s={search_term_string}\"},\"query-input\":{\"@type\":\"PropertyValueSpecification\",\"valueRequired\":true,\"valueName\":\"search_term_string\"}}],\"inLanguage\":\"hu\"},{\"@type\":\"Organization\",\"@id\":\"https:\/\/in-memoriam.si\/hu\/#organization\",\"name\":\"in memoriam\",\"url\":\"https:\/\/in-memoriam.si\/hu\/\",\"logo\":{\"@type\":\"ImageObject\",\"inLanguage\":\"hu\",\"@id\":\"https:\/\/in-memoriam.si\/hu\/#\/schema\/logo\/image\/\",\"url\":\"https:\/\/in-memoriam.si\/wp-content\/uploads\/2024\/04\/inmemoriam-web-logo.webp\",\"contentUrl\":\"https:\/\/in-memoriam.si\/wp-content\/uploads\/2024\/04\/inmemoriam-web-logo.webp\",\"width\":300,\"height\":50,\"caption\":\"in memoriam\"},\"image\":{\"@id\":\"https:\/\/in-memoriam.si\/hu\/#\/schema\/logo\/image\/\"},\"sameAs\":[\"https:\/\/www.facebook.com\/FotoSimonka\"]}]}<\/script>\n<!-- \/ Yoast SEO Premium plugin. -->","yoast_head_json":{"title":"20240408 - in memoriam","robots":{"index":"index","follow":"follow","max-snippet":"max-snippet:-1","max-image-preview":"max-image-preview:large","max-video-preview":"max-video-preview:-1"},"canonical":"https:\/\/in-memoriam.si\/hu\/20240408-2\/","og_locale":"hu_HU","og_type":"article","og_title":"20240408","og_description":"[vc_row woodmart_css_id=&#8221;663a5efaddeb8&#8243; responsive_spacing=&#8221;eyJwYXJhbV90eXBlIjoid29vZG1hcnRfcmVzcG9uc2l2ZV9zcGFjaW5nIiwic2VsZWN0b3JfaWQiOiI2NjNhNWVmYWRkZWI4Iiwic2hvcnRjb2RlIjoidmNfcm93IiwiZGF0YSI6eyJ0YWJsZXQiOnt9LCJtb2JpbGUiOnt9fX0=&#8221; mobile_bg_img_hidden=&#8221;no&#8221; tablet_bg_img_hidden=&#8221;no&#8221; woodmart_parallax=&#8221;0&#8243; woodmart_gradient_switch=&#8221;no&#8221; woodmart_box_shadow=&#8221;no&#8221; wd_z_index=&#8221;no&#8221; woodmart_disable_overflow=&#8221;0&#8243; row_reverse_mobile=&#8221;0&#8243; row_reverse_tablet=&#8221;0&#8243;][vc_column woodmart_css_id=&#8221;663a750b17e1a&#8221; parallax_scroll=&#8221;no&#8221; woodmart_sticky_column=&#8221;false&#8221; wd_collapsible_content_switcher=&#8221;no&#8221; wd_column_role_offcanvas_desktop=&#8221;no&#8221; wd_column_role_offcanvas_tablet=&#8221;no&#8221; wd_column_role_offcanvas_mobile=&#8221;no&#8221; wd_column_role_content_desktop=&#8221;no&#8221;","og_url":"https:\/\/in-memoriam.si\/hu\/20240408-2\/","og_site_name":"in memoriam","article_publisher":"https:\/\/www.facebook.com\/FotoSimonka","article_modified_time":"2024-05-11T21:25:02+00:00","og_image":[{"width":2200,"height":1257,"url":"https:\/\/in-memoriam.si\/wp-content\/uploads\/2024\/05\/inmemoriam-014.webp","type":"image\/webp"}],"twitter_card":"summary_large_image","twitter_misc":{"Becs\u00fclt olvas\u00e1si id\u0151":"6 perc"},"schema":{"@context":"https:\/\/schema.org","@graph":[{"@type":"WebPage","@id":"https:\/\/in-memoriam.si\/hu\/20240408-2\/","url":"https:\/\/in-memoriam.si\/hu\/20240408-2\/","name":"20240408 - in memoriam","isPartOf":{"@id":"https:\/\/in-memoriam.si\/hu\/#website"},"primaryImageOfPage":{"@id":"https:\/\/in-memoriam.si\/hu\/20240408-2\/#primaryimage"},"image":{"@id":"https:\/\/in-memoriam.si\/hu\/20240408-2\/#primaryimage"},"thumbnailUrl":"https:\/\/in-memoriam.si\/wp-content\/uploads\/2024\/05\/QR-BEDGE.png","datePublished":"2024-04-13T13:48:32+00:00","dateModified":"2024-05-11T21:25:02+00:00","breadcrumb":{"@id":"https:\/\/in-memoriam.si\/hu\/20240408-2\/#breadcrumb"},"inLanguage":"hu","potentialAction":[{"@type":"ReadAction","target":["https:\/\/in-memoriam.si\/hu\/20240408-2\/"]}]},{"@type":"ImageObject","inLanguage":"hu","@id":"https:\/\/in-memoriam.si\/hu\/20240408-2\/#primaryimage","url":"https:\/\/in-memoriam.si\/wp-content\/uploads\/2024\/05\/QR-BEDGE.png","contentUrl":"https:\/\/in-memoriam.si\/wp-content\/uploads\/2024\/05\/QR-BEDGE.png","width":200,"height":200},{"@type":"BreadcrumbList","@id":"https:\/\/in-memoriam.si\/hu\/20240408-2\/#breadcrumb","itemListElement":[{"@type":"ListItem","position":1,"name":"Home","item":"https:\/\/in-memoriam.si\/hu\/in-memoriam\/"},{"@type":"ListItem","position":2,"name":"20240408"}]},{"@type":"WebSite","@id":"https:\/\/in-memoriam.si\/hu\/#website","url":"https:\/\/in-memoriam.si\/hu\/","name":"in memoriam - v spomin","description":"spomini na na&scaron;e drage pokojne","publisher":{"@id":"https:\/\/in-memoriam.si\/hu\/#organization"},"alternateName":"Plo\u0161\u010dice s QR kodo","potentialAction":[{"@type":"SearchAction","target":{"@type":"EntryPoint","urlTemplate":"https:\/\/in-memoriam.si\/hu\/?s={search_term_string}"},"query-input":{"@type":"PropertyValueSpecification","valueRequired":true,"valueName":"search_term_string"}}],"inLanguage":"hu"},{"@type":"Organization","@id":"https:\/\/in-memoriam.si\/hu\/#organization","name":"in memoriam","url":"https:\/\/in-memoriam.si\/hu\/","logo":{"@type":"ImageObject","inLanguage":"hu","@id":"https:\/\/in-memoriam.si\/hu\/#\/schema\/logo\/image\/","url":"https:\/\/in-memoriam.si\/wp-content\/uploads\/2024\/04\/inmemoriam-web-logo.webp","contentUrl":"https:\/\/in-memoriam.si\/wp-content\/uploads\/2024\/04\/inmemoriam-web-logo.webp","width":300,"height":50,"caption":"in memoriam"},"image":{"@id":"https:\/\/in-memoriam.si\/hu\/#\/schema\/logo\/image\/"},"sameAs":["https:\/\/www.facebook.com\/FotoSimonka"]}]}},"_links":{"self":[{"href":"https:\/\/in-memoriam.si\/hu\/wp-json\/wp\/v2\/pages\/2091"}],"collection":[{"href":"https:\/\/in-memoriam.si\/hu\/wp-json\/wp\/v2\/pages"}],"about":[{"href":"https:\/\/in-memoriam.si\/hu\/wp-json\/wp\/v2\/types\/page"}],"author":[{"embeddable":true,"href":"https:\/\/in-memoriam.si\/hu\/wp-json\/wp\/v2\/users\/1"}],"replies":[{"embeddable":true,"href":"https:\/\/in-memoriam.si\/hu\/wp-json\/wp\/v2\/comments?post=2091"}],"version-history":[{"count":0,"href":"https:\/\/in-memoriam.si\/hu\/wp-json\/wp\/v2\/pages\/2091\/revisions"}],"wp:featuredmedia":[{"embeddable":true,"href":"https:\/\/in-memoriam.si\/hu\/wp-json\/wp\/v2\/media\/2458"}],"wp:attachment":[{"href":"https:\/\/in-memoriam.si\/hu\/wp-json\/wp\/v2\/media?parent=2091"}],"curies":[{"name":"wp","href":"https:\/\/api.w.org\/{rel}","templated":true}]}}