{"id":2131,"date":"2024-05-02T10:01:25","date_gmt":"2024-05-02T10:01:25","guid":{"rendered":"https:\/\/in-memoriam.si\/letoltes\/"},"modified":"2024-05-17T19:25:15","modified_gmt":"2024-05-17T19:25:15","slug":"letoltes","status":"publish","type":"page","link":"https:\/\/in-memoriam.si\/hu\/letoltes\/","title":{"rendered":"Let\u00f6lt\u00e9s"},"content":{"rendered":"<div class=\"wpb-content-wrapper\"><p>[vc_row][vc_column][vc_custom_heading text=&#8221;TARTALOM\u00c1TAD\u00c1S&#8221; font_container=&#8221;tag:h2|font_size:36|text_align:center&#8221; use_theme_fonts=&#8221;yes&#8221; css=&#8221;&#8221;][\/vc_column][\/vc_row][vc_row][vc_column][vc_cta h2=&#8221;Alkalmaz\u00e1s f\u00e1jlok \u00e1tvitel\u00e9re a szerver\u00fcnkre&#8221; h4=&#8221;A gombra kattintva az IN-MEMORIAM weboldal let\u00f6lt\u00e9si oldal\u00e1ra ker\u00fcl \u00e1tir\u00e1ny\u00edt\u00e1sra.&#8221; style=&#8221;custom&#8221; add_button=&#8221;bottom&#8221; btn_title=&#8221;Kattintson a let\u00f6lt\u00e9si linkre&#8221; btn_style=&#8221;flat&#8221; btn_shape=&#8221;square&#8221; btn_color=&#8221;danger&#8221; css=&#8221;&#8221; btn_link=&#8221;url:https%3A%2F%2Fprenos.wetransfer.com%2F|title:F%C3%A1jl%20%C3%A1tvitel%20%20|&#8221; custom_background=&#8221;#2d3142&#8243; custom_text=&#8221;#ffffff&#8221;][\/vc_cta][\/vc_column][\/vc_row][vc_row css=&#8221;.vc_custom_1714740051394{margin-bottom: 50px !important;}&#8221; woodmart_css_id=&#8221;6634db49e1cd1&#8243; responsive_spacing=&#8221;eyJwYXJhbV90eXBlIjoid29vZG1hcnRfcmVzcG9uc2l2ZV9zcGFjaW5nIiwic2VsZWN0b3JfaWQiOiI2NjM0ZGI0OWUxY2QxIiwic2hvcnRjb2RlIjoidmNfcm93IiwiZGF0YSI6eyJ0YWJsZXQiOnt9LCJtb2JpbGUiOnt9fX0=&#8221; mobile_bg_img_hidden=&#8221;no&#8221; tablet_bg_img_hidden=&#8221;no&#8221; woodmart_parallax=&#8221;0&#8243; woodmart_gradient_switch=&#8221;no&#8221; woodmart_box_shadow=&#8221;no&#8221; wd_z_index=&#8221;no&#8221; woodmart_disable_overflow=&#8221;0&#8243; row_reverse_mobile=&#8221;0&#8243; row_reverse_tablet=&#8221;0&#8243;][vc_column][vc_custom_heading text=&#8221;A WETRANSFER alkalmaz\u00e1st haszn\u00e1ljuk a tartalom let\u00f6lt\u00e9s\u00e9hez&#8221; font_container=&#8221;tag:h2|font_size:36|text_align:center&#8221; use_theme_fonts=&#8221;yes&#8221; css=&#8221;&#8221;]\t\t<div class=\"wd-spots wd-rs-6634dd45e0cb7 wd-event-hover hotspot-icon-default color-scheme-dark wd-hotspot-static \">\n\t\t\t<div class=\"wd-image-hotspot-hotspots\">\n\t\t\t\t<img decoding=\"async\" width=\"1716\" height=\"706\" src=\"https:\/\/in-memoriam.si\/wp-content\/uploads\/2024\/05\/INMEMO-WETRANS-2.webp\" class=\"wd-image-hotspot-img\" alt=\"\" srcset=\"https:\/\/in-memoriam.si\/wp-content\/uploads\/2024\/05\/INMEMO-WETRANS-2.webp 1716w, https:\/\/in-memoriam.si\/wp-content\/uploads\/2024\/05\/INMEMO-WETRANS-2-150x62.webp 150w, https:\/\/in-memoriam.si\/wp-content\/uploads\/2024\/05\/INMEMO-WETRANS-2-800x329.webp 800w, https:\/\/in-memoriam.si\/wp-content\/uploads\/2024\/05\/INMEMO-WETRANS-2-300x123.webp 300w, https:\/\/in-memoriam.si\/wp-content\/uploads\/2024\/05\/INMEMO-WETRANS-2-1024x421.webp 1024w, https:\/\/in-memoriam.si\/wp-content\/uploads\/2024\/05\/INMEMO-WETRANS-2-768x316.webp 768w, https:\/\/in-memoriam.si\/wp-content\/uploads\/2024\/05\/INMEMO-WETRANS-2-1536x632.webp 1536w\" sizes=\"(max-width: 1716px) 100vw, 1716px\" \/><div class=\"wd-image-hotspot hotspot-type-text\" style=\"left: 16.355%; top: 47.744%;\"><span class=\"hotspot-sonar\"><\/span><div class=\"hotspot-btn wd-role-btn wd-fill\" tabindex=\"0\"><\/div><div class=\"hotspot-text hotspot-content hotspot-dropdown-left\"><h4 class=\"wd-entities-title\">Tartalom bemeneti t\u00e9r<\/h4><div class=\"hotspot-content-text reset-last-child\">Az \u00f6sszes elk\u00fcldeni k\u00edv\u00e1nt tartalom egyetlen kattint\u00e1ssal let\u00f6lthet\u0151 a v\u00e1g\u00f3lapra.<\/div><\/div><\/div>\t\t\t<\/div>\n\t\t<\/div>\n\t\t[\/vc_column][\/vc_row][vc_row][vc_column][vc_custom_heading text=&#8221;Hogyan m\u0171k\u00f6dik a kiv\u00e1lasztott f\u00e1jlok k\u00fcld\u00e9se?&#8221; font_container=&#8221;tag:h2|font_size:36|text_align:center&#8221; use_theme_fonts=&#8221;yes&#8221; css=&#8221;&#8221;]\n\t\t<div id=\"wd-6633682dd047d\" class=\"wd-accordion wd-wpb wd-rs-6633682dd047d  wd-style-shadow wd-titles-left wd-opener-pos-left wd-opener-style-plus\" data-state=\"all_closed\">\n\t\t\t\t\t\t\t\n\t\t\t\t\n\t\t\t\t<div class=\"wd-accordion-item\">\n\t\t\t\t\t<div class=\"wd-accordion-title wd-role-btn font-primary wd-fontsize-s wd-font-weight-600\" data-accordion-index=\"0\" tabindex=\"0\">\n\t\t\t\t\t\t<div class=\"wd-accordion-title-text\">\n\t\t\t\t\t\t\t\t\t\t\t\t\t\t<span>\n\t\t\t\t\t\t\t\tHogyan adhat hozz\u00e1 f\u00e1jlokat let\u00f6lt\u00e9shez\t\t\t\t\t\t\t<\/span>\n\t\t\t\t\t\t<\/div>\n\t\t\t\t\t\t<span class=\"wd-accordion-opener\"><\/span>\n\t\t\t\t\t<\/div>\n\n\t\t\t\t\t<div class=\"wd-accordion-content wd-entry-content\" data-accordion-index=\"0\">\n\t\t\t\t\t\t\t\t\t\t\t\t\t<p>Kattintson a f\u00e1jlv\u00e1laszt\u00f3 mez\u0151re, \u00e9s v\u00e1lassza ki az elk\u00fcldeni k\u00edv\u00e1nt f\u00e1jlokat. A f\u00e1jlok let\u00f6lt\u00e9s\u00e9hez a kurzort a let\u00f6lt\u00e9si mez\u0151re is &#8222;h\u00fazhatja&#8221;.<\/p>\n\t\t\t\t\t\t\t\t\t\t\t<\/div>\n\t\t\t\t<\/div>\n\t\t\t\t\t\t\t\n\t\t\t\t\n\t\t\t\t<div class=\"wd-accordion-item\">\n\t\t\t\t\t<div class=\"wd-accordion-title wd-role-btn font-primary wd-fontsize-s wd-font-weight-600\" data-accordion-index=\"1\" tabindex=\"0\">\n\t\t\t\t\t\t<div class=\"wd-accordion-title-text\">\n\t\t\t\t\t\t\t\t\t\t\t\t\t\t<span>\n\t\t\t\t\t\t\t\tHogyan v\u00e1laszthatom ki a let\u00f6lteni k\u00edv\u00e1nt f\u00e1jlokat\t\t\t\t\t\t\t<\/span>\n\t\t\t\t\t\t<\/div>\n\t\t\t\t\t\t<span class=\"wd-accordion-opener\"><\/span>\n\t\t\t\t\t<\/div>\n\n\t\t\t\t\t<div class=\"wd-accordion-content wd-entry-content\" data-accordion-index=\"1\">\n\t\t\t\t\t\t\t\t\t\t\t\t\t<p>Javasoljuk, hogy az \u00f6sszes f\u00e1jlt, p\u00e9ld\u00e1ul sz\u00f6veges f\u00e1jlokat, f\u00e9nyk\u00e9peket vagy vide\u00f3kat, gy\u0171jtse egy mapp\u00e1ba, \u00e9s k\u00fcldje el egyszerre.<\/p>\n\t\t\t\t\t\t\t\t\t\t\t<\/div>\n\t\t\t\t<\/div>\n\t\t\t\t\t\t\t\n\t\t\t\t\n\t\t\t\t<div class=\"wd-accordion-item\">\n\t\t\t\t\t<div class=\"wd-accordion-title wd-role-btn font-primary wd-fontsize-s wd-font-weight-600\" data-accordion-index=\"2\" tabindex=\"0\">\n\t\t\t\t\t\t<div class=\"wd-accordion-title-text\">\n\t\t\t\t\t\t\t\t\t\t\t\t\t\t<span>\n\t\t\t\t\t\t\t\t\u00dczenet hozz\u00e1ad\u00e1sa\t\t\t\t\t\t\t<\/span>\n\t\t\t\t\t\t<\/div>\n\t\t\t\t\t\t<span class=\"wd-accordion-opener\"><\/span>\n\t\t\t\t\t<\/div>\n\n\t\t\t\t\t<div class=\"wd-accordion-content wd-entry-content\" data-accordion-index=\"2\">\n\t\t\t\t\t\t\t\t\t\t\t\t\t<p>Javasoljuk, hogy az \u00fczenet rovatba \u00edrja be a rendel\u00e9s sz\u00e1m\u00e1t. Ha nincs, k\u00e9rj\u00fck, adja meg a nev\u00e9t. Fontos, hogy bemutatkozzon, hogy tudjuk, ki a felad\u00f3.<\/p>\n\t\t\t\t\t\t\t\t\t\t\t<\/div>\n\t\t\t\t<\/div>\n\t\t\t\t\t\t\t\n\t\t\t\t\n\t\t\t\t<div class=\"wd-accordion-item\">\n\t\t\t\t\t<div class=\"wd-accordion-title wd-role-btn font-primary wd-fontsize-s wd-font-weight-600\" data-accordion-index=\"3\" tabindex=\"0\">\n\t\t\t\t\t\t<div class=\"wd-accordion-title-text\">\n\t\t\t\t\t\t\t\t\t\t\t\t\t\t<span>\n\t\t\t\t\t\t\t\tF\u00e1jlok k\u00fcld\u00e9se\t\t\t\t\t\t\t<\/span>\n\t\t\t\t\t\t<\/div>\n\t\t\t\t\t\t<span class=\"wd-accordion-opener\"><\/span>\n\t\t\t\t\t<\/div>\n\n\t\t\t\t\t<div class=\"wd-accordion-content wd-entry-content\" data-accordion-index=\"3\">\n\t\t\t\t\t\t\t\t\t\t\t\t\t<p>Miut\u00e1n kiv\u00e1lasztotta a f\u00e1jlokat, megadta az e-mail c\u00edm\u00e9t \u00e9s hozz\u00e1adta az \u00fczenet\u00e9t, kattintson a &#8222;K\u00fcld\u00e9s&#8221; gombra.<\/p>\n\t\t\t\t\t\t\t\t\t\t\t<\/div>\n\t\t\t\t<\/div>\n\t\t\t\t\t\t\t\n\t\t\t\t\n\t\t\t\t<div class=\"wd-accordion-item\">\n\t\t\t\t\t<div class=\"wd-accordion-title wd-role-btn font-primary wd-fontsize-s wd-font-weight-600\" data-accordion-index=\"4\" tabindex=\"0\">\n\t\t\t\t\t\t<div class=\"wd-accordion-title-text\">\n\t\t\t\t\t\t\t\t\t\t\t\t\t\t<span>\n\t\t\t\t\t\t\t\tLink a let\u00f6lt\u00e9shez\t\t\t\t\t\t\t<\/span>\n\t\t\t\t\t\t<\/div>\n\t\t\t\t\t\t<span class=\"wd-accordion-opener\"><\/span>\n\t\t\t\t\t<\/div>\n\n\t\t\t\t\t<div class=\"wd-accordion-content wd-entry-content\" data-accordion-index=\"4\">\n\t\t\t\t\t\t\t\t\t\t\t\t\t<p>Amint az \u00e1tutal\u00e1s befejez\u0151d\u00f6tt, \u00e1tn\u00e9zz\u00fck a kapott f\u00e1jlokat, \u00e9s felvessz\u00fck \u00d6nnel a kapcsolatot, ha tov\u00e1bbi k\u00e9rd\u00e9sei vannak.<\/p>\n\t\t\t\t\t\t\t\t\t\t\t<\/div>\n\t\t\t\t<\/div>\n\t\t\t\t\t\t\t\n\t\t\t\t\n\t\t\t\t<div class=\"wd-accordion-item\">\n\t\t\t\t\t<div class=\"wd-accordion-title wd-role-btn font-primary wd-fontsize-s wd-font-weight-600\" data-accordion-index=\"5\" tabindex=\"0\">\n\t\t\t\t\t\t<div class=\"wd-accordion-title-text\">\n\t\t\t\t\t\t\t\t\t\t\t\t\t\t<span>\n\t\t\t\t\t\t\t\tHat\u00e1rid\u0151\t\t\t\t\t\t\t<\/span>\n\t\t\t\t\t\t<\/div>\n\t\t\t\t\t\t<span class=\"wd-accordion-opener\"><\/span>\n\t\t\t\t\t<\/div>\n\n\t\t\t\t\t<div class=\"wd-accordion-content wd-entry-content\" data-accordion-index=\"5\">\n\t\t\t\t\t\t\t\t\t\t\t\t\t<p>A f\u00e1jlok egy bizonyos ideig, \u00e1ltal\u00e1ban 10 napig maradnak a szervereken. Ezt k\u00f6vet\u0151en automatikusan t\u00f6rl\u0151dnek. Minden elk\u00fcld\u00f6tt anyagot a v\u00e1llalat arch\u00edvum\u00e1ban t\u00e1rolunk a megrendel\u00e9s teljes\u00edt\u00e9s\u00e9ig, majd ezt k\u00f6vet\u0151en t\u00f6rl\u00e9sre ker\u00fclnek. Csak az online k\u00f6zz\u00e9tett adatok maradnak meg.<\/p>\n\t\t\t\t\t\t\t\t\t\t\t<\/div>\n\t\t\t\t<\/div>\n\t\t\t\t\t\t\t\t\t\t\t\t\t\t<\/div>\n\n\t\t[\/vc_column][\/vc_row]<\/p>\n<\/div>","protected":false},"excerpt":{"rendered":"<p>[vc_row][vc_column][vc_custom_heading text=&#8221;TARTALOM\u00c1TAD\u00c1S&#8221; font_container=&#8221;tag:h2|font_size:36|text_align:center&#8221; use_theme_fonts=&#8221;yes&#8221; css=&#8221;&#8221;][\/vc_column][\/vc_row][vc_row][vc_column][vc_cta h2=&#8221;Alkalmaz\u00e1s f\u00e1jlok \u00e1tvitel\u00e9re a szerver\u00fcnkre&#8221; h4=&#8221;A gombra kattintva az IN-MEMORIAM weboldal let\u00f6lt\u00e9si oldal\u00e1ra ker\u00fcl \u00e1tir\u00e1ny\u00edt\u00e1sra.&#8221;<\/p>\n","protected":false},"author":1,"featured_media":0,"parent":0,"menu_order":0,"comment_status":"closed","ping_status":"closed","template":"","meta":{"footnotes":""},"yoast_head":"<!-- This site is optimized with the Yoast SEO Premium plugin v23.5 (Yoast SEO v24.5) - https:\/\/yoast.com\/wordpress\/plugins\/seo\/ -->\n<title>Tartalom felt\u00f6lt\u00e9se a szerver\u00fcnkre: egyszer\u0171 - in memoriam f\u00e1jl felt\u00f6lt\u0151 alkalmaz\u00e1s<\/title>\n<meta name=\"description\" content=\"Egy kattint\u00e1ssal t\u00f6ltse le a teljes tartalmat a szerver\u00fcnkre. Egyszer\u0171en v\u00e1lassza ki a f\u00e1jlokat, \u00e9s t\u00f6ltse fel \u0151ket a v\u00e1g\u00f3lapra, hogy el\u0151k\u00e9sz\u00edtse a webhelyet.\" \/>\n<meta name=\"robots\" content=\"index, follow, max-snippet:-1, max-image-preview:large, max-video-preview:-1\" \/>\n<link rel=\"canonical\" href=\"https:\/\/in-memoriam.si\/hu\/letoltes\/\" \/>\n<meta property=\"og:locale\" content=\"hu_HU\" \/>\n<meta property=\"og:type\" content=\"article\" \/>\n<meta property=\"og:title\" content=\"Let\u00f6lt\u00e9s\" \/>\n<meta property=\"og:description\" content=\"Egy kattint\u00e1ssal t\u00f6ltse le a teljes tartalmat a szerver\u00fcnkre. Egyszer\u0171en v\u00e1lassza ki a f\u00e1jlokat, \u00e9s t\u00f6ltse fel \u0151ket a v\u00e1g\u00f3lapra, hogy el\u0151k\u00e9sz\u00edtse a webhelyet.\" \/>\n<meta property=\"og:url\" content=\"https:\/\/in-memoriam.si\/hu\/letoltes\/\" \/>\n<meta property=\"og:site_name\" content=\"in memoriam\" \/>\n<meta property=\"article:publisher\" content=\"https:\/\/www.facebook.com\/FotoSimonka\" \/>\n<meta property=\"article:modified_time\" content=\"2024-05-17T19:25:15+00:00\" \/>\n<meta property=\"og:image\" content=\"https:\/\/in-memoriam.si\/wp-content\/uploads\/2024\/05\/inmemoriam-014.webp\" \/>\n\t<meta property=\"og:image:width\" content=\"2200\" \/>\n\t<meta property=\"og:image:height\" content=\"1257\" \/>\n\t<meta property=\"og:image:type\" content=\"image\/webp\" \/>\n<meta name=\"twitter:card\" content=\"summary_large_image\" \/>\n<meta name=\"twitter:label1\" content=\"Becs\u00fclt olvas\u00e1si id\u0151\" \/>\n\t<meta name=\"twitter:data1\" content=\"4 perc\" \/>\n<script type=\"application\/ld+json\" class=\"yoast-schema-graph\">{\"@context\":\"https:\/\/schema.org\",\"@graph\":[{\"@type\":\"WebPage\",\"@id\":\"https:\/\/in-memoriam.si\/hu\/letoltes\/\",\"url\":\"https:\/\/in-memoriam.si\/hu\/letoltes\/\",\"name\":\"Tartalom felt\u00f6lt\u00e9se a szerver\u00fcnkre: egyszer\u0171 - in memoriam f\u00e1jl felt\u00f6lt\u0151 alkalmaz\u00e1s\",\"isPartOf\":{\"@id\":\"https:\/\/in-memoriam.si\/hu\/#website\"},\"datePublished\":\"2024-05-02T10:01:25+00:00\",\"dateModified\":\"2024-05-17T19:25:15+00:00\",\"description\":\"Egy kattint\u00e1ssal t\u00f6ltse le a teljes tartalmat a szerver\u00fcnkre. Egyszer\u0171en v\u00e1lassza ki a f\u00e1jlokat, \u00e9s t\u00f6ltse fel \u0151ket a v\u00e1g\u00f3lapra, hogy el\u0151k\u00e9sz\u00edtse a webhelyet.\",\"breadcrumb\":{\"@id\":\"https:\/\/in-memoriam.si\/hu\/letoltes\/#breadcrumb\"},\"inLanguage\":\"hu\",\"potentialAction\":[{\"@type\":\"ReadAction\",\"target\":[\"https:\/\/in-memoriam.si\/hu\/letoltes\/\"]}]},{\"@type\":\"BreadcrumbList\",\"@id\":\"https:\/\/in-memoriam.si\/hu\/letoltes\/#breadcrumb\",\"itemListElement\":[{\"@type\":\"ListItem\",\"position\":1,\"name\":\"Home\",\"item\":\"https:\/\/in-memoriam.si\/hu\/in-memoriam\/\"},{\"@type\":\"ListItem\",\"position\":2,\"name\":\"Let\u00f6lt\u00e9s\"}]},{\"@type\":\"WebSite\",\"@id\":\"https:\/\/in-memoriam.si\/hu\/#website\",\"url\":\"https:\/\/in-memoriam.si\/hu\/\",\"name\":\"in memoriam - v spomin\",\"description\":\"spomini na na&scaron;e drage pokojne\",\"publisher\":{\"@id\":\"https:\/\/in-memoriam.si\/hu\/#organization\"},\"alternateName\":\"Plo\u0161\u010dice s QR kodo\",\"potentialAction\":[{\"@type\":\"SearchAction\",\"target\":{\"@type\":\"EntryPoint\",\"urlTemplate\":\"https:\/\/in-memoriam.si\/hu\/?s={search_term_string}\"},\"query-input\":{\"@type\":\"PropertyValueSpecification\",\"valueRequired\":true,\"valueName\":\"search_term_string\"}}],\"inLanguage\":\"hu\"},{\"@type\":\"Organization\",\"@id\":\"https:\/\/in-memoriam.si\/hu\/#organization\",\"name\":\"in memoriam\",\"url\":\"https:\/\/in-memoriam.si\/hu\/\",\"logo\":{\"@type\":\"ImageObject\",\"inLanguage\":\"hu\",\"@id\":\"https:\/\/in-memoriam.si\/hu\/#\/schema\/logo\/image\/\",\"url\":\"https:\/\/in-memoriam.si\/wp-content\/uploads\/2024\/04\/inmemoriam-web-logo.webp\",\"contentUrl\":\"https:\/\/in-memoriam.si\/wp-content\/uploads\/2024\/04\/inmemoriam-web-logo.webp\",\"width\":300,\"height\":50,\"caption\":\"in memoriam\"},\"image\":{\"@id\":\"https:\/\/in-memoriam.si\/hu\/#\/schema\/logo\/image\/\"},\"sameAs\":[\"https:\/\/www.facebook.com\/FotoSimonka\"]}]}<\/script>\n<!-- \/ Yoast SEO Premium plugin. -->","yoast_head_json":{"title":"Tartalom felt\u00f6lt\u00e9se a szerver\u00fcnkre: egyszer\u0171 - in memoriam f\u00e1jl felt\u00f6lt\u0151 alkalmaz\u00e1s","description":"Egy kattint\u00e1ssal t\u00f6ltse le a teljes tartalmat a szerver\u00fcnkre. Egyszer\u0171en v\u00e1lassza ki a f\u00e1jlokat, \u00e9s t\u00f6ltse fel \u0151ket a v\u00e1g\u00f3lapra, hogy el\u0151k\u00e9sz\u00edtse a webhelyet.","robots":{"index":"index","follow":"follow","max-snippet":"max-snippet:-1","max-image-preview":"max-image-preview:large","max-video-preview":"max-video-preview:-1"},"canonical":"https:\/\/in-memoriam.si\/hu\/letoltes\/","og_locale":"hu_HU","og_type":"article","og_title":"Let\u00f6lt\u00e9s","og_description":"Egy kattint\u00e1ssal t\u00f6ltse le a teljes tartalmat a szerver\u00fcnkre. Egyszer\u0171en v\u00e1lassza ki a f\u00e1jlokat, \u00e9s t\u00f6ltse fel \u0151ket a v\u00e1g\u00f3lapra, hogy el\u0151k\u00e9sz\u00edtse a webhelyet.","og_url":"https:\/\/in-memoriam.si\/hu\/letoltes\/","og_site_name":"in memoriam","article_publisher":"https:\/\/www.facebook.com\/FotoSimonka","article_modified_time":"2024-05-17T19:25:15+00:00","og_image":[{"width":2200,"height":1257,"url":"https:\/\/in-memoriam.si\/wp-content\/uploads\/2024\/05\/inmemoriam-014.webp","type":"image\/webp"}],"twitter_card":"summary_large_image","twitter_misc":{"Becs\u00fclt olvas\u00e1si id\u0151":"4 perc"},"schema":{"@context":"https:\/\/schema.org","@graph":[{"@type":"WebPage","@id":"https:\/\/in-memoriam.si\/hu\/letoltes\/","url":"https:\/\/in-memoriam.si\/hu\/letoltes\/","name":"Tartalom felt\u00f6lt\u00e9se a szerver\u00fcnkre: egyszer\u0171 - in memoriam f\u00e1jl felt\u00f6lt\u0151 alkalmaz\u00e1s","isPartOf":{"@id":"https:\/\/in-memoriam.si\/hu\/#website"},"datePublished":"2024-05-02T10:01:25+00:00","dateModified":"2024-05-17T19:25:15+00:00","description":"Egy kattint\u00e1ssal t\u00f6ltse le a teljes tartalmat a szerver\u00fcnkre. Egyszer\u0171en v\u00e1lassza ki a f\u00e1jlokat, \u00e9s t\u00f6ltse fel \u0151ket a v\u00e1g\u00f3lapra, hogy el\u0151k\u00e9sz\u00edtse a webhelyet.","breadcrumb":{"@id":"https:\/\/in-memoriam.si\/hu\/letoltes\/#breadcrumb"},"inLanguage":"hu","potentialAction":[{"@type":"ReadAction","target":["https:\/\/in-memoriam.si\/hu\/letoltes\/"]}]},{"@type":"BreadcrumbList","@id":"https:\/\/in-memoriam.si\/hu\/letoltes\/#breadcrumb","itemListElement":[{"@type":"ListItem","position":1,"name":"Home","item":"https:\/\/in-memoriam.si\/hu\/in-memoriam\/"},{"@type":"ListItem","position":2,"name":"Let\u00f6lt\u00e9s"}]},{"@type":"WebSite","@id":"https:\/\/in-memoriam.si\/hu\/#website","url":"https:\/\/in-memoriam.si\/hu\/","name":"in memoriam - v spomin","description":"spomini na na&scaron;e drage pokojne","publisher":{"@id":"https:\/\/in-memoriam.si\/hu\/#organization"},"alternateName":"Plo\u0161\u010dice s QR kodo","potentialAction":[{"@type":"SearchAction","target":{"@type":"EntryPoint","urlTemplate":"https:\/\/in-memoriam.si\/hu\/?s={search_term_string}"},"query-input":{"@type":"PropertyValueSpecification","valueRequired":true,"valueName":"search_term_string"}}],"inLanguage":"hu"},{"@type":"Organization","@id":"https:\/\/in-memoriam.si\/hu\/#organization","name":"in memoriam","url":"https:\/\/in-memoriam.si\/hu\/","logo":{"@type":"ImageObject","inLanguage":"hu","@id":"https:\/\/in-memoriam.si\/hu\/#\/schema\/logo\/image\/","url":"https:\/\/in-memoriam.si\/wp-content\/uploads\/2024\/04\/inmemoriam-web-logo.webp","contentUrl":"https:\/\/in-memoriam.si\/wp-content\/uploads\/2024\/04\/inmemoriam-web-logo.webp","width":300,"height":50,"caption":"in memoriam"},"image":{"@id":"https:\/\/in-memoriam.si\/hu\/#\/schema\/logo\/image\/"},"sameAs":["https:\/\/www.facebook.com\/FotoSimonka"]}]}},"_links":{"self":[{"href":"https:\/\/in-memoriam.si\/hu\/wp-json\/wp\/v2\/pages\/2131"}],"collection":[{"href":"https:\/\/in-memoriam.si\/hu\/wp-json\/wp\/v2\/pages"}],"about":[{"href":"https:\/\/in-memoriam.si\/hu\/wp-json\/wp\/v2\/types\/page"}],"author":[{"embeddable":true,"href":"https:\/\/in-memoriam.si\/hu\/wp-json\/wp\/v2\/users\/1"}],"replies":[{"embeddable":true,"href":"https:\/\/in-memoriam.si\/hu\/wp-json\/wp\/v2\/comments?post=2131"}],"version-history":[{"count":3,"href":"https:\/\/in-memoriam.si\/hu\/wp-json\/wp\/v2\/pages\/2131\/revisions"}],"predecessor-version":[{"id":2595,"href":"https:\/\/in-memoriam.si\/hu\/wp-json\/wp\/v2\/pages\/2131\/revisions\/2595"}],"wp:attachment":[{"href":"https:\/\/in-memoriam.si\/hu\/wp-json\/wp\/v2\/media?parent=2131"}],"curies":[{"name":"wp","href":"https:\/\/api.w.org\/{rel}","templated":true}]}}