{"id":2209,"date":"2024-04-09T20:17:39","date_gmt":"2024-04-09T20:17:39","guid":{"rendered":"https:\/\/in-memoriam.si\/vasarlasi-folyamat\/"},"modified":"2024-05-11T21:25:49","modified_gmt":"2024-05-11T21:25:49","slug":"vasarlasi-folyamat","status":"publish","type":"page","link":"https:\/\/in-memoriam.si\/hu\/vasarlasi-folyamat\/","title":{"rendered":"V\u00e1s\u00e1rl\u00e1si folyamat"},"content":{"rendered":"<div class=\"wpb-content-wrapper\"><p>[vc_row][vc_column][vc_custom_heading text=&#8221;BESZERZ\u00c9SI FOLYAMAT&#8221; use_theme_fonts=&#8221;yes&#8221;][vc_separator wd_hide_on_desktop=&#8221;no&#8221; wd_hide_on_tablet=&#8221;no&#8221; wd_hide_on_mobile=&#8221;no&#8221;][\/vc_column][\/vc_row][vc_row][vc_column]\t\t<div id=\"wd-663b222b946ad\" class=\"wd-text-block wd-wpb reset-last-child wd-rs-663b222b946ad text-left wd-fontsize-m \">\n\t\t\t<h3>A v\u00e1s\u00e1rl\u00e1si\/megrendel\u00e9si folyamat l\u00e9p\u00e9sei:<\/h3>\n<p><strong>&#8211; 1. 2. l\u00e9p\u00e9s &#8211; Tegye a term\u00e9keket a kosar\u00e1ba<\/strong><br \/>\nA megv\u00e1s\u00e1rolni k\u00edv\u00e1nt term\u00e9ket a megfelel\u0151 &#8222;Kos\u00e1rba&#8221; gombra kattintva tegye a kos\u00e1rba. Egyes term\u00e9kek eset\u00e9ben tov\u00e1bbi term\u00e9kfunkci\u00f3kat kell kiv\u00e1lasztania (pl. sz\u00f6vegszerkeszt\u00e9s, hangkiv\u00e1laszt\u00e1s). A term\u00e9kek kateg\u00f3ri\u00e1k szerint vannak rendezve, \u00e9s a keres\u0151motor seg\u00edts\u00e9g\u00e9vel is kereshet r\u00e1juk. Kattintson a term\u00e9k nev\u00e9re vagy a term\u00e9kk\u00e9pre, ha t\u00f6bbet szeretne megtudni a kiv\u00e1lasztott term\u00e9kr\u0151l. Annyi term\u00e9ket adhat a kosar\u00e1ba, amennyit csak szeretne. Ha befejezte a hozz\u00e1ad\u00e1st, k\u00e9s\u0151bb folytathatja a v\u00e1s\u00e1rl\u00e1st, vagy befejezheti a v\u00e1s\u00e1rl\u00e1st. Az els\u0151 esetben a kos\u00e1rban l\u00e9v\u0151 term\u00e9kek el lesznek mentve k\u00e9s\u0151bbi v\u00e1s\u00e1rl\u00e1sra.<\/p>\n<p><strong>&#8211; 2. 1. l\u00e9p\u00e9s &#8211; Szerkeszd a kosarad \u00e9s add meg a prom\u00f3ci\u00f3s k\u00f3dot<\/strong><br \/>\nA kos\u00e1rra kattintva a kos\u00e1rba juthat. A kos\u00e1rb\u00f3l is elt\u00e1vol\u00edthat t\u00e9teleket (az [X] gombra kattintva), vagy tetsz\u00e9s szerint m\u00f3dos\u00edthatja a mennyis\u00e9get. Ha van &#8222;prom\u00f3ci\u00f3s k\u00f3dja&#8221; a kedvezm\u00e9nyhez, akkor azt a &#8222;Prom\u00f3ci\u00f3s k\u00f3d&#8221; mez\u0151be \u00edrhatja be, hogy cs\u00f6kkentse a rendel\u00e9s \u00f6sszeg\u00e9t. A prom\u00f3ci\u00f3s k\u00f3dokat t\u00f6bbf\u00e9lek\u00e9ppen lehet megszerezni.<br \/>\n-rekl\u00e1mkamp\u00e1nyok r\u00e9v\u00e9n<br \/>\n-a Facebookon<br \/>\n-az Instagramon<br \/>\n-m\u00e1s m\u00f3don<\/p>\n<p><strong>&#8211; 3. 1. l\u00e9p\u00e9s &#8211; A fizet\u00e9si \u00e9s sz\u00e1ll\u00edt\u00e1si m\u00f3d kiv\u00e1laszt\u00e1sa<\/strong><br \/>\nA v\u00e1s\u00e1rl\u00e1s folytat\u00e1s\u00e1hoz kattintson a &#8222;P\u00e9nzt\u00e1r&#8221; gombra, ekkor megjelenik egy ablak, ahol a regisztr\u00e1lt felhaszn\u00e1l\u00f3k megadhatj\u00e1k felhaszn\u00e1l\u00f3nev\u00fcket \u00e9s jelszavukat a &#8222;Bejelentkez\u00e9s&#8221; r\u00e9szben. A nem regisztr\u00e1lt felhaszn\u00e1l\u00f3k a &#8222;Gyors p\u00e9nzt\u00e1r&#8221; gombra kattintva kit\u00f6lthetik a kapcsolatfelv\u00e9teli \u0171rlapot. Er\u0151s\u00edtse meg adatait a &#8222;Tov\u00e1bb&#8221; gombra kattintva. A megrendelt \u00e1ruk sz\u00e1ll\u00edt\u00e1si c\u00edme automatikusan megjelenik, \u00e9s megegyezik a kapcsolatfelv\u00e9teli \u0171rlapon megadott c\u00edmmel, kiv\u00e9ve, ha \u00d6n m\u00e1sk\u00e9nt nem rendelkezik. A k\u00f6vetkez\u0151 l\u00e9p\u00e9s a fizet\u00e9s kiv\u00e1laszt\u00e1sa.<\/p>\n<p><strong>&#8211; 4. l\u00e9p\u00e9s &#8211; fizet\u00e9s (a megrendel\u00e9s ellen\u0151rz\u00e9se, a fizet\u00e9si m\u00f3d kiv\u00e1laszt\u00e1sa \u00e9s a v\u00e1s\u00e1rl\u00e1s meger\u0151s\u00edt\u00e9se vagy befejez\u00e9se)<\/strong><br \/>\nMiel\u0151tt a &#8222;V\u00e1s\u00e1rl\u00e1s befejez\u00e9se&#8221; gombra kattintana a v\u00e1s\u00e1rl\u00e1s befejez\u00e9s\u00e9hez, k\u00e9rj\u00fck, ellen\u0151rizze, hogy a megrendelt term\u00e9kek mennyis\u00e9ge helyes-e. K\u00e9rj\u00fck, ellen\u0151rizze a sz\u00e1ll\u00edt\u00e1si c\u00edmet is. A v\u00e1s\u00e1rl\u00e1s befejez\u00e9se ut\u00e1n az oldal \u00e1tir\u00e1ny\u00edtja \u00d6nt a v\u00e1lasztott fizet\u00e9si m\u00f3dhoz, ahol megadja a fizet\u00e9si adatokat. A sikeres megrendel\u00e9sr\u0151l visszaigazol\u00e1st kap az e-mail c\u00edm\u00e9re.<\/p>\n\t\t<\/div>\n\t\t[\/vc_column][\/vc_row]<\/p>\n<\/div>","protected":false},"excerpt":{"rendered":"<p>[vc_row][vc_column][vc_custom_heading text=&#8221;BESZERZ\u00c9SI FOLYAMAT&#8221; use_theme_fonts=&#8221;yes&#8221;][vc_separator wd_hide_on_desktop=&#8221;no&#8221; wd_hide_on_tablet=&#8221;no&#8221; wd_hide_on_mobile=&#8221;no&#8221;][\/vc_column][\/vc_row][vc_row][vc_column][\/vc_column][\/vc_row]<\/p>\n","protected":false},"author":1,"featured_media":0,"parent":0,"menu_order":0,"comment_status":"closed","ping_status":"closed","template":"","meta":{"footnotes":""},"yoast_head":"<!-- This site is optimized with the Yoast SEO Premium plugin v23.5 (Yoast SEO v24.5) - https:\/\/yoast.com\/wordpress\/plugins\/seo\/ -->\n<title>V\u00e1s\u00e1rl\u00e1si folyamat - in memoriam<\/title>\n<meta name=\"robots\" content=\"index, follow, max-snippet:-1, max-image-preview:large, max-video-preview:-1\" \/>\n<link rel=\"canonical\" href=\"https:\/\/in-memoriam.si\/hu\/vasarlasi-folyamat\/\" \/>\n<meta property=\"og:locale\" content=\"hu_HU\" \/>\n<meta property=\"og:type\" content=\"article\" \/>\n<meta property=\"og:title\" content=\"V\u00e1s\u00e1rl\u00e1si folyamat\" \/>\n<meta property=\"og:description\" content=\"[vc_row][vc_column][vc_custom_heading text=&#8221;BESZERZ\u00c9SI FOLYAMAT&#8221; use_theme_fonts=&#8221;yes&#8221;][vc_separator wd_hide_on_desktop=&#8221;no&#8221; wd_hide_on_tablet=&#8221;no&#8221; wd_hide_on_mobile=&#8221;no&#8221;][\/vc_column][\/vc_row][vc_row][vc_column][\/vc_column][\/vc_row]\" \/>\n<meta property=\"og:url\" content=\"https:\/\/in-memoriam.si\/hu\/vasarlasi-folyamat\/\" \/>\n<meta property=\"og:site_name\" content=\"in memoriam\" \/>\n<meta property=\"article:publisher\" content=\"https:\/\/www.facebook.com\/FotoSimonka\" \/>\n<meta property=\"article:modified_time\" content=\"2024-05-11T21:25:49+00:00\" \/>\n<meta property=\"og:image\" content=\"https:\/\/in-memoriam.si\/wp-content\/uploads\/2024\/05\/inmemoriam-014.webp\" \/>\n\t<meta property=\"og:image:width\" content=\"2200\" \/>\n\t<meta property=\"og:image:height\" content=\"1257\" \/>\n\t<meta property=\"og:image:type\" content=\"image\/webp\" \/>\n<meta name=\"twitter:card\" content=\"summary_large_image\" \/>\n<meta name=\"twitter:label1\" content=\"Becs\u00fclt olvas\u00e1si id\u0151\" \/>\n\t<meta name=\"twitter:data1\" content=\"3 perc\" \/>\n<script type=\"application\/ld+json\" class=\"yoast-schema-graph\">{\"@context\":\"https:\/\/schema.org\",\"@graph\":[{\"@type\":\"WebPage\",\"@id\":\"https:\/\/in-memoriam.si\/hu\/vasarlasi-folyamat\/\",\"url\":\"https:\/\/in-memoriam.si\/hu\/vasarlasi-folyamat\/\",\"name\":\"V\u00e1s\u00e1rl\u00e1si folyamat - in memoriam\",\"isPartOf\":{\"@id\":\"https:\/\/in-memoriam.si\/hu\/#website\"},\"datePublished\":\"2024-04-09T20:17:39+00:00\",\"dateModified\":\"2024-05-11T21:25:49+00:00\",\"breadcrumb\":{\"@id\":\"https:\/\/in-memoriam.si\/hu\/vasarlasi-folyamat\/#breadcrumb\"},\"inLanguage\":\"hu\",\"potentialAction\":[{\"@type\":\"ReadAction\",\"target\":[\"https:\/\/in-memoriam.si\/hu\/vasarlasi-folyamat\/\"]}]},{\"@type\":\"BreadcrumbList\",\"@id\":\"https:\/\/in-memoriam.si\/hu\/vasarlasi-folyamat\/#breadcrumb\",\"itemListElement\":[{\"@type\":\"ListItem\",\"position\":1,\"name\":\"Home\",\"item\":\"https:\/\/in-memoriam.si\/hu\/in-memoriam\/\"},{\"@type\":\"ListItem\",\"position\":2,\"name\":\"V\u00e1s\u00e1rl\u00e1si folyamat\"}]},{\"@type\":\"WebSite\",\"@id\":\"https:\/\/in-memoriam.si\/hu\/#website\",\"url\":\"https:\/\/in-memoriam.si\/hu\/\",\"name\":\"in memoriam - v spomin\",\"description\":\"spomini na na&scaron;e drage pokojne\",\"publisher\":{\"@id\":\"https:\/\/in-memoriam.si\/hu\/#organization\"},\"alternateName\":\"Plo\u0161\u010dice s QR kodo\",\"potentialAction\":[{\"@type\":\"SearchAction\",\"target\":{\"@type\":\"EntryPoint\",\"urlTemplate\":\"https:\/\/in-memoriam.si\/hu\/?s={search_term_string}\"},\"query-input\":{\"@type\":\"PropertyValueSpecification\",\"valueRequired\":true,\"valueName\":\"search_term_string\"}}],\"inLanguage\":\"hu\"},{\"@type\":\"Organization\",\"@id\":\"https:\/\/in-memoriam.si\/hu\/#organization\",\"name\":\"in memoriam\",\"url\":\"https:\/\/in-memoriam.si\/hu\/\",\"logo\":{\"@type\":\"ImageObject\",\"inLanguage\":\"hu\",\"@id\":\"https:\/\/in-memoriam.si\/hu\/#\/schema\/logo\/image\/\",\"url\":\"https:\/\/in-memoriam.si\/wp-content\/uploads\/2024\/04\/inmemoriam-web-logo.webp\",\"contentUrl\":\"https:\/\/in-memoriam.si\/wp-content\/uploads\/2024\/04\/inmemoriam-web-logo.webp\",\"width\":300,\"height\":50,\"caption\":\"in memoriam\"},\"image\":{\"@id\":\"https:\/\/in-memoriam.si\/hu\/#\/schema\/logo\/image\/\"},\"sameAs\":[\"https:\/\/www.facebook.com\/FotoSimonka\"]}]}<\/script>\n<!-- \/ Yoast SEO Premium plugin. -->","yoast_head_json":{"title":"V\u00e1s\u00e1rl\u00e1si folyamat - in memoriam","robots":{"index":"index","follow":"follow","max-snippet":"max-snippet:-1","max-image-preview":"max-image-preview:large","max-video-preview":"max-video-preview:-1"},"canonical":"https:\/\/in-memoriam.si\/hu\/vasarlasi-folyamat\/","og_locale":"hu_HU","og_type":"article","og_title":"V\u00e1s\u00e1rl\u00e1si folyamat","og_description":"[vc_row][vc_column][vc_custom_heading text=&#8221;BESZERZ\u00c9SI FOLYAMAT&#8221; use_theme_fonts=&#8221;yes&#8221;][vc_separator wd_hide_on_desktop=&#8221;no&#8221; wd_hide_on_tablet=&#8221;no&#8221; wd_hide_on_mobile=&#8221;no&#8221;][\/vc_column][\/vc_row][vc_row][vc_column][\/vc_column][\/vc_row]","og_url":"https:\/\/in-memoriam.si\/hu\/vasarlasi-folyamat\/","og_site_name":"in memoriam","article_publisher":"https:\/\/www.facebook.com\/FotoSimonka","article_modified_time":"2024-05-11T21:25:49+00:00","og_image":[{"width":2200,"height":1257,"url":"https:\/\/in-memoriam.si\/wp-content\/uploads\/2024\/05\/inmemoriam-014.webp","type":"image\/webp"}],"twitter_card":"summary_large_image","twitter_misc":{"Becs\u00fclt olvas\u00e1si id\u0151":"3 perc"},"schema":{"@context":"https:\/\/schema.org","@graph":[{"@type":"WebPage","@id":"https:\/\/in-memoriam.si\/hu\/vasarlasi-folyamat\/","url":"https:\/\/in-memoriam.si\/hu\/vasarlasi-folyamat\/","name":"V\u00e1s\u00e1rl\u00e1si folyamat - in memoriam","isPartOf":{"@id":"https:\/\/in-memoriam.si\/hu\/#website"},"datePublished":"2024-04-09T20:17:39+00:00","dateModified":"2024-05-11T21:25:49+00:00","breadcrumb":{"@id":"https:\/\/in-memoriam.si\/hu\/vasarlasi-folyamat\/#breadcrumb"},"inLanguage":"hu","potentialAction":[{"@type":"ReadAction","target":["https:\/\/in-memoriam.si\/hu\/vasarlasi-folyamat\/"]}]},{"@type":"BreadcrumbList","@id":"https:\/\/in-memoriam.si\/hu\/vasarlasi-folyamat\/#breadcrumb","itemListElement":[{"@type":"ListItem","position":1,"name":"Home","item":"https:\/\/in-memoriam.si\/hu\/in-memoriam\/"},{"@type":"ListItem","position":2,"name":"V\u00e1s\u00e1rl\u00e1si folyamat"}]},{"@type":"WebSite","@id":"https:\/\/in-memoriam.si\/hu\/#website","url":"https:\/\/in-memoriam.si\/hu\/","name":"in memoriam - v spomin","description":"spomini na na&scaron;e drage pokojne","publisher":{"@id":"https:\/\/in-memoriam.si\/hu\/#organization"},"alternateName":"Plo\u0161\u010dice s QR kodo","potentialAction":[{"@type":"SearchAction","target":{"@type":"EntryPoint","urlTemplate":"https:\/\/in-memoriam.si\/hu\/?s={search_term_string}"},"query-input":{"@type":"PropertyValueSpecification","valueRequired":true,"valueName":"search_term_string"}}],"inLanguage":"hu"},{"@type":"Organization","@id":"https:\/\/in-memoriam.si\/hu\/#organization","name":"in memoriam","url":"https:\/\/in-memoriam.si\/hu\/","logo":{"@type":"ImageObject","inLanguage":"hu","@id":"https:\/\/in-memoriam.si\/hu\/#\/schema\/logo\/image\/","url":"https:\/\/in-memoriam.si\/wp-content\/uploads\/2024\/04\/inmemoriam-web-logo.webp","contentUrl":"https:\/\/in-memoriam.si\/wp-content\/uploads\/2024\/04\/inmemoriam-web-logo.webp","width":300,"height":50,"caption":"in memoriam"},"image":{"@id":"https:\/\/in-memoriam.si\/hu\/#\/schema\/logo\/image\/"},"sameAs":["https:\/\/www.facebook.com\/FotoSimonka"]}]}},"_links":{"self":[{"href":"https:\/\/in-memoriam.si\/hu\/wp-json\/wp\/v2\/pages\/2209"}],"collection":[{"href":"https:\/\/in-memoriam.si\/hu\/wp-json\/wp\/v2\/pages"}],"about":[{"href":"https:\/\/in-memoriam.si\/hu\/wp-json\/wp\/v2\/types\/page"}],"author":[{"embeddable":true,"href":"https:\/\/in-memoriam.si\/hu\/wp-json\/wp\/v2\/users\/1"}],"replies":[{"embeddable":true,"href":"https:\/\/in-memoriam.si\/hu\/wp-json\/wp\/v2\/comments?post=2209"}],"version-history":[{"count":0,"href":"https:\/\/in-memoriam.si\/hu\/wp-json\/wp\/v2\/pages\/2209\/revisions"}],"wp:attachment":[{"href":"https:\/\/in-memoriam.si\/hu\/wp-json\/wp\/v2\/media?parent=2209"}],"curies":[{"name":"wp","href":"https:\/\/api.w.org\/{rel}","templated":true}]}}